{"id":839,"date":"2012-04-20T16:39:15","date_gmt":"2012-04-20T14:39:15","guid":{"rendered":"http:\/\/rcppm.org\/blog\/"},"modified":"2025-12-13T16:54:07","modified_gmt":"2025-12-13T14:54:07","slug":"bureau-et-conseils","status":"publish","type":"page","link":"https:\/\/rcppm.org\/blog\/lassociation-rcppm\/bureau-et-conseils\/","title":{"rendered":"Qui sommes-nous ?"},"content":{"rendered":"\n<p>Voici une pr\u00e9sentation des membres si\u00e9geant au bureau, au conseil d&rsquo;administration et au conseil scientifique de la RCPPM. Pour en savoir plus sur l&rsquo;histoire de l&rsquo;association, <a href=\"https:\/\/rcppm.org\/blog\/lassociation-rcppm\/presentation-association-plafonds-peints\/\">cliquez ici<\/a>.<\/p>\n\n\n\n<div style=\"height:20px\" aria-hidden=\"true\" class=\"wp-block-spacer\"><\/div>\n\n\n<p><strong>Le bureau <\/strong>est compos\u00e9 de :<\/p>\n<ul>\n<li><strong><span style=\"text-decoration: underline;\">Pr\u00e9sident<\/span>\u00a0:<\/strong> Laurent GIROUSSE<\/li>\n<li><strong><span style=\"text-decoration: underline;\">Vice-pr\u00e9sidents<\/span> :<\/strong> Georges PUCHAL, sp\u00e9cialiste dans la production et l\u2019application des technologies num\u00e9riques \u00e0 la m\u00e9diation du patrimoine et\u00a0Maud PEREZ-SIMON, ma\u00eetre de conf\u00e9rences en litt\u00e9rature m\u00e9di\u00e9vale \u00e0 l&rsquo;Universit\u00e9 Sorbonne Nouvelle &#8211; Paris 3<\/li>\n<\/ul>\n<ul>\n<li><strong><span style=\"text-decoration: underline;\">Tr\u00e9sorier<\/span>\u00a0:<\/strong> Guy HORTALA, personnel de direction de l&rsquo;\u00c9ducation Nationale (<a href=\"mailto:guy.hortala@sfr.fr\" target=\"_blank\" rel=\"noopener noreferrer\">guy.hortala@sfr.fr<\/a>)<\/li>\n<li><strong><span style=\"text-decoration: underline;\">Secr\u00e9taire<\/span>\u00a0:<\/strong> \u00a0Liliane ALQUIER\u00a0(<a href=\"mailto:liliane.alquier@gmail.com\" target=\"_blank\" rel=\"noopener noreferrer\">liliane.alquier@gmail.com<\/a>)<\/li>\n<li><strong><span style=\"text-decoration: underline;\">Pr\u00e9sidente honoraire<\/span> :\u00a0<\/strong>Monique BOURIN, professeur \u00e9m\u00e9rite d\u2019histoire du Moyen Age \u00e0 l&rsquo;universit\u00e9 de Paris I &#8211; Panth\u00e9on-Sorbonne<\/li>\n<\/ul>\n<p>Font \u00e9galement partie du <strong>Conseil d&rsquo;administration<\/strong> :<\/p>\n<ul>\n<li>G\u00e9rard ALQUIER,<\/li>\n<li>Liliane ALQUIER,<\/li>\n<li>Patrick B\u00c9ZIAT, premier adjoint, charg\u00e9 du patrimoine, mairie de Capestang<\/li>\n<li>Monique BOURIN, professeur \u00e9m\u00e9rite d\u2019histoire du Moyen Age\u00a0\u00e0 l&rsquo;universit\u00e9 de Paris I &#8211; Panth\u00e9on-Sorbonne<\/li>\n<li>C\u00e9cile BULT\u00c9,\u00a0docteur en histoire de l&rsquo;art de l&rsquo;Universit\u00e9 Paris-Sorbonne<\/li>\n<li>Laura CECCANTINI, doctorante en Histoire m\u00e9di\u00e9vale<\/li>\n<li>Pierre-Olivier DITTMAR, ma\u00eetre de conf\u00e9rences \u00e0 l\u2019Ecole des hautes \u00e9tudes en sciences sociales (EHESS Paris)<\/li>\n<li>Val\u00e9rie DUMOULIN, directrice du mus\u00e9e M\u00e9dard, des Archives municipales et du Patrimoine &#8211; Ville de Lunel (34)<\/li>\n<li>Bernard GALLAND,\u00a0technicien du Service d\u00e9partemental de l&rsquo;architecture de Haute-Loire retrait\u00e9<\/li>\n<li>Laurent GIROUSSE<\/li>\n<li>Marianne GRAMAIN, professeur retrait\u00e9e<\/li>\n<li>Delphine GRENET, doctorante en histoire de l&rsquo;art m\u00e9di\u00e9val \u00e0 l&rsquo;Universit\u00e9 de Paris Sorbonne &#8211; Paris IV<\/li>\n<li>Michel HEBRARD, restaurateur<\/li>\n<li>Guy HORTALA, personnel de direction de l\u2019\u00c9ducation Nationale retrait\u00e9<\/li>\n<li>Maud PEREZ-SIMON, ma\u00eetre de conf\u00e9rences en litt\u00e9rature m\u00e9di\u00e9vale \u00e0 l&rsquo;Universit\u00e9 Sorbonne Nouvelle &#8211; Paris 3<\/li>\n<li>Georges PUCHAL, sp\u00e9cialiste dans la production et l\u2019application des technologies num\u00e9riques \u00e0 la m\u00e9diation du patrimoine<\/li>\n<li>Jean-Louis REBI\u00c8RE, architecte en chef des Monuments Historiques<\/li>\n<li>Jo\u00ebl ROURE, professeur de dessin et multim\u00e9dia retrait\u00e9<\/li>\n<li>Jean-Pierre SARRET<\/li>\n<li>Christiane TARBOURIECH, architecte<\/li>\n<li>L\u00e9a TORTEROTOT<\/li>\n<li>G\u00e9raldine VICTOIR, ma\u00eetre de conf\u00e9rences en histoire de l&rsquo;art m\u00e9di\u00e9val \u00e0 l&rsquo;Universit\u00e9 Paul-Val\u00e9ry de Montpellier<\/li>\n<\/ul>\n<p>Si\u00e8gent au <strong>Conseil scientifique<\/strong> :<\/p>\n<ul>\n<li>Anne ADRIAN, conservateur du patrimoine, Mus\u00e9e de La Cour d&rsquo;Or- Metz M\u00e9tropole<\/li>\n<li>Anna BOATO, professeur \u00e0 l&rsquo;Universit\u00e9 de G\u00eanes<\/li>\n<li>Emilien BOUTICOURT, arch\u00e9ologue<\/li>\n<li>Philippe BERNARDI, directeur de recherches au CNRS<\/li>\n<li>Joan DOMENGE, professeur \u00e0 l&rsquo;Universit\u00e9 Barcelona Central<\/li>\n<li>Pierre-Olivier DITTMAR, ma\u00eetre de conf\u00e9rences \u00e0 l\u2019Ecole des hautes \u00e9tudes en sciences sociales (EHESS Paris),<\/li>\n<li>Alain GIRARD, conservateur du mus\u00e9e d&rsquo;Art Sacr\u00e9 de Ponts-Saint-Esprit, maison Piolenc, dite des chevaliers<\/li>\n<li>Philippe HUPPE, h\u00e9ralidiste<\/li>\n<li>Fr\u00e9d\u00e9ric MAZERAN, architecte du Patrimoine, Conseil g\u00e9n\u00e9ral de l&rsquo;H\u00e9rault<\/li>\n<li>Jean-Bernard MATHON, responsable du centre de conservation et de restauration du patrimoine, \u00a0Conseil g\u00e9n\u00e9ral des Pyr\u00e9n\u00e9es-Orientales<\/li>\n<li>Jean-Claude SCHMITT, professeur \u00e0 l\u2019EHESS, pr\u00e9sident du Conseil scientifique de l&rsquo;Institut national du patrimoine<\/li>\n<li>Bernard SOURNIA, conservateur honoraire des Monuments Historiques, DRAC Languedoc-Roussillon<\/li>\n<li>Marc SUREDA Y JUBANY, conservateur au Mus\u00e9e \u00e9piscopal de Vic, Catalogne<\/li>\n<\/ul>","protected":false},"excerpt":{"rendered":"<p>Voici une pr\u00e9sentation des membres si\u00e9geant au bureau, au conseil d&rsquo;administration et au conseil scientifique de la RCPPM. Pour en savoir plus sur l&rsquo;histoire de&#46;&#46;&#46;<\/p>\n","protected":false},"author":4,"featured_media":0,"parent":85,"menu_order":2,"comment_status":"open","ping_status":"closed","template":"","meta":{"footnotes":"","_links_to":"","_links_to_target":""},"class_list":["post-839","page","type-page","status-publish","hentry"],"_links":{"self":[{"href":"https:\/\/rcppm.org\/blog\/wp-json\/wp\/v2\/pages\/839","targetHints":{"allow":["GET"]}}],"collection":[{"href":"https:\/\/rcppm.org\/blog\/wp-json\/wp\/v2\/pages"}],"about":[{"href":"https:\/\/rcppm.org\/blog\/wp-json\/wp\/v2\/types\/page"}],"author":[{"embeddable":true,"href":"https:\/\/rcppm.org\/blog\/wp-json\/wp\/v2\/users\/4"}],"replies":[{"embeddable":true,"href":"https:\/\/rcppm.org\/blog\/wp-json\/wp\/v2\/comments?post=839"}],"version-history":[{"count":26,"href":"https:\/\/rcppm.org\/blog\/wp-json\/wp\/v2\/pages\/839\/revisions"}],"predecessor-version":[{"id":6118,"href":"https:\/\/rcppm.org\/blog\/wp-json\/wp\/v2\/pages\/839\/revisions\/6118"}],"up":[{"embeddable":true,"href":"https:\/\/rcppm.org\/blog\/wp-json\/wp\/v2\/pages\/85"}],"wp:attachment":[{"href":"https:\/\/rcppm.org\/blog\/wp-json\/wp\/v2\/media?parent=839"}],"curies":[{"name":"wp","href":"https:\/\/api.w.org\/{rel}","templated":true}]}}