{"id":15,"date":"2010-05-05T12:47:22","date_gmt":"2010-05-05T10:47:22","guid":{"rendered":"http:\/\/rcppm.org\/blog\/?page_id=15"},"modified":"2023-09-25T20:52:25","modified_gmt":"2023-09-25T18:52:25","slug":"bibliographie","status":"publish","type":"page","link":"https:\/\/rcppm.org\/blog\/pro-et-chercheurs\/bibliographie\/","title":{"rendered":"Bibliographie"},"content":{"rendered":"<p style=\"text-align: justify;\">Certains \u00e9l\u00e9ments manquent ou demandent \u00e0 \u00eatre v\u00e9rifi\u00e9s. Si vous pouvez apporter ces renseignements, n&rsquo;h\u00e9sitez pas \u00e0 nous \u00e9crire !<\/p>\n<p style=\"text-align: center;\">&#8211; A-<\/p>\n<p>&#8211; Adg\u00e9 M., \u00ab Le Plafond peint de Capestang (15e si\u00e8cle). Etudes pr\u00e9liminaire\u00a0\u00bb, in <em>Etudes sur P\u00e9zenas et sa r\u00e9gion<\/em>, n\u00b02, 1977, pp. 11-16.<\/p>\n<p style=\"text-align: justify;\">&#8211; Adg\u00e9 M., \u00ab Le ch\u00e2teau de Capestang et son plafond \u00bb, in <em>Sites et Monuments<\/em>, octobre-d\u00e9cembre 1978, n\u00b0 84, pp. 24-28.<\/p>\n<p style=\"text-align: justify;\">&#8211; Adg\u00e9 M., Bourin M., Nayral B., Rouquette Y., <em>L&rsquo;imagier et les po\u00e8tes au ch\u00e2teau de Capestang<\/em>, \u00e9ditions Loubati\u00e8res, Portet-sur-Garonne, 1991, 60 p.<\/p>\n<p style=\"text-align: justify;\">&#8211; Adrian A., \u00ab\u00a0Plafonds au bestiaire\u00a0\u00bb<em>, <\/em>in <em>Chefs-d&rsquo;\u0153uvre<\/em>, exposition inaugurale du Centre Pompidou-Metz, 12 mai 2010-29 ao\u00fbt 2011, Centre Pompidou-Metz, Metz, 2010, p. 414.<\/p>\n<p style=\"text-align: justify;\">&#8211; Aglio, R. \u00abBestiari dipinti: tavolette da soffitto e modelli iconografici\u00bb, in Rossi M. (a cura di) <i>Il tardogotico in Lombardia<\/i>, Skira, Milano, 2005, pp. 285-297.<a href=\"https:\/\/rcppm.org\/blog\/wp-content\/uploads\/2017\/03\/SKIRA_Aglio.pdf\" target=\"_blank\" rel=\"noopener noreferrer\"><img loading=\"lazy\" decoding=\"async\" class=\"alignnone\" src=\"https:\/\/rcppm.org\/blog\/wp-content\/uploads\/2010\/05\/icone-pdf.jpg\" width=\"14\" height=\"14\" \/><\/a><\/p>\n<p style=\"text-align: justify;\">&#8211; Aglio, R. \u00abLe tavole da soffitto dello studio del Senatore a Lonato\u00bb, in <i>Quaderni della Fondazone Ugo da Com<\/i>o, 11, dicembre 2005, pp. 19-29<\/p>\n<p style=\"text-align: justify;\">&#8211; Aglio, R. \u00abLe tavole da soffitto a ritratti del monastero della Colomba a Cremona\u00bb, in<i> Arte Lombarda<\/i>, 153, 2005\/3, pp. 56-61.<\/p>\n<p style=\"text-align: justify;\">&#8211; Aglio, R. \u00abLe tavolette da soffitto bembesche con storie della Genesi del Museo Civico di Cremona. Alcune considerazioni iconografiche\u00bb, in Arte Lombarda, 2008\/2, pp. 16-24.<\/p>\n<p style=\"text-align: justify;\">&#8211; Aglio, R. \u00abLe tavolette lignee di Caravaggio: singolare crogiolo di motivi iconografici\u00bb, in Marubbi M., Mazzoni A., Aglio R., <i>Gli eroi antichi di casa Aratori. Tavolette da soffito del Quattrocento a Caravaggio<\/i>, Bolis Edizioni, Azzano San Paolo, 2010, pp. 41-65.<\/p>\n<p style=\"text-align: justify;\">&#8211; Aglio, R. \u00abI soffitti di Viadana: storie di animali e di iconografie lontane\u00bb, in <i>Vitelliana<\/i>, 2013, pp. 11-42.<a href=\"https:\/\/rcppm.org\/blog\/wp-content\/uploads\/2017\/03\/VITELLIANA-2013_Aglio.pdf\" target=\"_blank\" rel=\"noopener noreferrer\"><img loading=\"lazy\" decoding=\"async\" class=\"alignnone\" src=\"https:\/\/rcppm.org\/blog\/wp-content\/uploads\/2010\/05\/icone-pdf.jpg\" width=\"14\" height=\"14\" \/><\/a><\/p>\n<p style=\"text-align: justify;\">&#8211; Aglio, R. \u00abI soffitti di \u201cCasa Sperlari\u201d: le ultime tavolette lignee cremonesi\u00bb, in <i>Strenna dell&rsquo;ADAFA per l&rsquo;anno 2015<\/i>, Cremona 2015, pp. 9-23.<a href=\"https:\/\/rcppm.org\/blog\/wp-content\/uploads\/2017\/03\/Strenna-ADAFA_2015-Aglio.pdf\" target=\"_blank\" rel=\"noopener noreferrer\"><img loading=\"lazy\" decoding=\"async\" class=\"alignnone\" src=\"https:\/\/rcppm.org\/blog\/wp-content\/uploads\/2010\/05\/icone-pdf.jpg\" width=\"14\" height=\"14\" \/><\/a><\/p>\n<p style=\"text-align: justify;\">&#8211; Aglio, R. \u00abLa riscoperta delle tavole da soffitto tra Otto e Novecento\u00bb, in <i>Strenna dell&rsquo;ADAFA per l&rsquo;anno 2016<\/i>, Cremona 2016, pp. 33-50.<a href=\"https:\/\/rcppm.org\/blog\/wp-content\/uploads\/2017\/03\/Strenna-ADAFA_2016-Aglio.pdf\" target=\"_blank\" rel=\"noopener noreferrer\"><img loading=\"lazy\" decoding=\"async\" class=\"alignnone\" src=\"https:\/\/rcppm.org\/blog\/wp-content\/uploads\/2010\/05\/icone-pdf.jpg\" width=\"14\" height=\"14\" \/><\/a><\/p>\n<p style=\"text-align: justify;\">&#8211; Aguilar Garc\u00eda M. D., \u00ab La armadura de la iglesia de San Juan. M\u00e1laga\u00a0\u00bb, in <em>Baetica<\/em>, 1980, n\u00b0 3, pp. 7-14.<\/p>\n<p style=\"text-align: justify;\">&#8211; Aguilar Garc\u00eda M. D., \u00ab\u00a0La pintura de la techumbre de la catedral de Teruel\u00a0\u00bb, in <em>Actas del III Simposio International de Mudejarismo, Teruel, 20-22 septembre 1984<\/em>, Teruel, Instituto de Estudios Turolenses de la Excma Diputaci\u00f3n Provincial de Teruel (CSIC), 1986, pp. 571-592.<\/p>\n<p style=\"text-align: justify;\">&#8211; Aguilar Garc\u00eda M. D., \u00ab\u00a0Armaduras mud\u00e9jares malague\u00f1as\u00a0\u00bb, in <em>J\u00e1bega<\/em>, mars 1974, n\u00b0 5, pp. 70-74.<\/p>\n<p style=\"text-align: justify;\">&#8211; Alazet J.-F. et Marin A., \u00ab\u00a0Le plafond de la loggia de la reine au palais des rois de Majorque de Perpignan\u00a0\u00bb, in <em>Plafonds peints m\u00e9di\u00e9vaux en Languedoc, Actes du colloques de Capestang, Narbonne, Lagrasse, 21-23 f\u00e9vrier 2008<\/em>, \u00e9tudes r\u00e9unies par Monique Bourin et Philippe Bernardi, Presses Universitaires de Perpignan, Perpignan, 2009, pp. 115-148.<\/p>\n<p style=\"text-align: justify;\">&#8211; Aliquot H., \u00ab\u00a0Sur le plafond de la chambre du cerf. Les r\u00eaveries du pape Cl\u00e9ment VI\u00a0\u00bb, in <em>Mairie d&rsquo;Avignon, livre d&rsquo;or<\/em>, 1982, page<\/p>\n<p style=\"text-align: justify;\">&#8211; Aliquot H., \u00ab\u00a0Plafonds m\u00e9di\u00e9vaux en Avignon. Les chasses et les monstres de la chambre du cerf\u00a0\u00bb, in <em>Annales du groupe numismatique du Comtat et de la Provence<\/em>, Avignon, 1983, pp. 19-21.<\/p>\n<p style=\"text-align: justify;\">&#8211; Aliquot H., <em>Les palais cardinalices hors les murs d&rsquo;Avignon au XIV<\/em><sup><em>e<\/em><\/sup><em> si\u00e8cle, <\/em>Th\u00e8se de 3<sup>e<\/sup> cycle sous la direction de G. D\u00e9mians d&rsquo;Archimbaud, Aix-en-Provence, Universit\u00e9 de Provence, 1983, 2 vol. 288 p. + vol. planches.<\/p>\n<p style=\"text-align: justify;\">&#8211; Aliquot H., \u00ab\u00a0Sur les plafonds de la livr\u00e9e Ceccano, les pies et les corneilles du cardinal Annibal\u00a0\u00bb, in <em>Revue du comit\u00e9 des \u0153uvres sociales du personnel de la mairie d\u2019Avignon<\/em>, n\u00b058, 1981, pp. 53-62.<\/p>\n<p style=\"text-align: justify;\">&#8211; Aliquot H., \u00ab\u00a0Entre Fran\u00e7ois 1er et Charles Quint, les splendides plafonds de l&rsquo;hotel de Belli\u00a0\u00bb, in <em>Mairie d&rsquo;Avignon, Livre d&rsquo;or,<\/em> date, page.<\/p>\n<p style=\"text-align: justify;\">&#8211; Aliquot H., \u00ab\u00a0Sur un plafond du Palais du Roure : les alliances de Pierre de Baroncelli\u00a0\u00bb, in <em>Revue du comit\u00e9 des \u0153uvres sociales du personnel de la mairie d\u2019Avignon<\/em>, 1981, pp. 23-27.<\/p>\n<p style=\"text-align: justify;\">&#8211; Aliquot H., Merceron P. et Merceron R., \u00ab\u00a0Nouvelles d\u00e9couvertes avignonnaises\u00a0: les fresques et les blasons de la livr\u00e9e Gaillard de la Mothe\u00a0\u00bb, in <em>Etudes de l\u2019Ecole Palatine<\/em>, Avignon, 1979, pp. 7-67.<\/p>\n<p style=\"text-align: justify;\">&#8211; Aliquot H., <em>Monfavet, Le Pontet, Sorgues, Avignon, Les palais gothiques aux XIV<\/em><sup><em>e<\/em><\/sup><em> et XV<\/em><sup><em>e<\/em><\/sup><em> si\u00e8cles<\/em>, Equinoxe, Avignon, 1993, 102 p.<\/p>\n<p style=\"text-align: justify;\">&#8211; Aliquot H. et C. Harispe, <em>Avignon au XIVe si\u00e8cle. Palais et d\u00e9cors<\/em>, \u00c9ditions \u00c9cole Palatine, Ville, 2006, p.<\/p>\n<p style=\"text-align: justify;\">&#8211;\u00a0D&rsquo;Arcano Grattoni M. (a cura di),\u00a0<em>Tabul\u00e6 pict\u00e6. Pettenelle e cantinelle a Cividale fra Medioevo e Rinascimento<\/em>,\u00a0Silvana, Milano, 2013.<\/p>\n<p style=\"text-align: justify;\">&#8211; Aujard R., \u00ab\u00a0Un cloitre m\u00e9di\u00e9val livre son secret : l&rsquo;Apocalypse de Fr\u00e9jus\u00a0\u00bb, in <em>Plaisir de France<\/em> , Oct 1970, pp.<\/p>\n<p style=\"text-align: center;\">&#8211; B &#8211;<\/p>\n<p style=\"text-align: justify;\">&#8211; Bardy-Fronty I. (dir.), <em>Mus\u00e9es de Metz\u00a0: Dossiers d\u2019\u0153uvres, <\/em>Mus\u00e9es de Metz <em>La Cour d\u2019Or<\/em>, Metz, 2007, p<\/p>\n<p style=\"text-align: justify;\">&#8211; Bardies I., Debize C., Fronty J., <em>Cent chefs-d\u2019\u0153uvre de Lorraine,<\/em> Editions Serpenoise, Metz, 2006, 229 p.<\/p>\n<p style=\"text-align: justify;\">&#8211; Barral i Altet X., \u00ab\u00a0D\u00e9cor peint et iconographie des vo\u00fbtes lambriss\u00e9es de la fin du Moyen Age en Bretagne\u00a0\u00bb, in <em>Comptes-rendus des s\u00e9ances de l&rsquo;Acad\u00e9mie des Inscriptions et Belles-Lettres<\/em>, vol 131, n\u00b03, 1987, pp. 524-567.<a href=\"https:\/\/rcppm.org\/blog\/wp-content\/uploads\/2015\/07\/CSMC-2015-Chroniques.pdf\" target=\"_blank\" rel=\"noopener noreferrer\"><img loading=\"lazy\" decoding=\"async\" class=\"alignnone\" title=\"Barral i Altet X., \u00ab D\u00e9cor peint et iconographie des vo\u00fbtes lambriss\u00e9es de la fin du Moyen Age en Bretagne \u00bb\" src=\"https:\/\/rcppm.org\/blog\/wp-content\/uploads\/2010\/05\/icone-pdf.jpg\" alt=\"\" width=\"14\" height=\"14\" \/><\/a><\/p>\n<p style=\"text-align: justify;\">&#8211; Barral i Altet X., \u00ab\u00a0Le plafond cosmologique de la chambre de la comtesse Ad\u00e8le de Blois d&rsquo;apr\u00e8s Baudri de Bourgueil\u00a0\u00bb, in <em>Bulletin de la soci\u00e9t\u00e9 nationale des Antiquaires de France<\/em>, 1988, pp. 85-92.<\/p>\n<p style=\"text-align: justify;\">&#8211; De Barrau C. et Catafau A.\u00a0\u00ab Chronique (D\u00e9couverte d&rsquo;un plafond peint &#8211; M\u00e9di\u00e9val ?. Perpignan, maison 9 rue des Marchands\u00a0\u00bb, in\u00a0<em>Les cahiers de Saint-Michel de Cuxa, <\/em>\u00ab\u00a0Le clo\u00eetre roman\u00a0\u00bb,\u00a0Actes des XLVIes Journ\u00e9es romanes de Cuxa du 7 au 12 juillet 2014,\u00a0XLVI, 2015, pp. 239-242.\u00a0<a href=\"https:\/\/rcppm.org\/blog\/wp-content\/uploads\/2015\/07\/CSMC-2015-Chroniques.pdf\" target=\"_blank\" rel=\"noopener noreferrer\"><img loading=\"lazy\" decoding=\"async\" class=\"alignnone\" title=\"Barral i Altet X., \u00ab D\u00e9cor peint et iconographie des vo\u00fbtes lambriss\u00e9es de la fin du Moyen Age en Bretagne \u00bb\" src=\"https:\/\/rcppm.org\/blog\/wp-content\/uploads\/2010\/05\/icone-pdf.jpg\" alt=\"\" width=\"14\" height=\"14\" \/><\/a><\/p>\n<p style=\"text-align: justify;\">&#8211; Barth\u00e9l\u00e9my L., \u00ab\u00a0Les plafonds de l&rsquo;h\u00f4tel de Vento \u00e0 Marseille\u00a0<em>\u00bb<\/em>, in <em>Congr\u00e8s Arch\u00e9ologique de France. Montbrison, LII<\/em><sup><em>e<\/em><\/sup><em> session, 1885<\/em>, Caen, 1986, pp. 353-358. <a href=\"http:\/\/rcppm.org\/download\/biblio\/Barthelemy_hotel-de-vento.pdf\" target=\"_blank\" rel=\"noopener noreferrer\"><img loading=\"lazy\" decoding=\"async\" title=\"Barth\u00e9l\u00e9my L., \u00ab Les plafonds de l'h\u00f4tel de Vento \u00e0 Marseille \u00bb\" src=\"https:\/\/rcppm.org\/blog\/wp-content\/uploads\/2010\/05\/icone-pdf.jpg\" alt=\"\" width=\"14\" height=\"14\" \/><\/a><\/p>\n<p style=\"text-align: justify;\">&#8211; Bartholeyns G., Bourin M., Dittmar P.-O. (dir.),\u00a0<em>Images de soi dans l&rsquo;univers domestique XIIIe-XVIe si\u00e8cle<\/em>, Presses Universitaires de Rennes, 2018<\/p>\n<p style=\"text-align: justify;\">&#8211; Beaulieu J.-L. et Guitier F., \u00ab\u00a0Grands traits de l&rsquo;histoire des for\u00eats des Alpes fran\u00e7aises depuis la fin de la derni\u00e8re glaciation\u00a0\u00bb in <em>For\u00eats alpines et charpentes de m\u00e9diterran\u00e9e<\/em>, [exposition, Gap, Mus\u00e9e Museum D\u00e9partemental, du 1er octobre 2007-15 mars 2008], dir. par Philippe Bernardi, \u00e9ditions du Fournel, Gap, 2007, pp 17-21.<\/p>\n<p style=\"text-align: justify;\">&#8211; Bernardi Ph., <em>M\u00e9tiers du b\u00e2timent et techniques de construction \u00e0 Aix-en-Provence \u00e0 la fin de l\u2019\u00e9poque gothique (1400-1550)<\/em>, Publication de l&rsquo;Universit\u00e9 de Provence, Aix-en-Provence, 1995, 501 p.<\/p>\n<p style=\"text-align: justify;\">&#8211; Bernardi Ph. (dir.), <em>For\u00eats alpines et charpentes de m\u00e9diterran\u00e9e<\/em>, [exposition, Gap, Mus\u00e9e Museum D\u00e9partemental, du 1er octobre 2007-15 mars 2008], \u00e9ditions du Fournel, Gap, 2007, 255 p.<\/p>\n<p style=\"text-align: justify;\">&#8211; Bernardi Ph., \u00ab\u00a0L&rsquo;exploitation des for\u00eats\u00a0\u00bb in <em>For\u00eats alpines et charpentes de m\u00e9diterran\u00e9e<\/em>, [exposition, Gap, Mus\u00e9e Museum D\u00e9partemental, du 1er octobre 2007-15 mars 2008], dir. par Philippe Bernardi, \u00e9ditions du Fournel, Gap, 2007, pp 47-55.<\/p>\n<p style=\"text-align: justify;\">&#8211; Bernardi Ph., \u00ab\u00a0L&rsquo;influence de la Lune\u00a0\u00bb in <em>For\u00eats alpines et charpentes de m\u00e9diterran\u00e9e<\/em>, [exposition, Gap, Mus\u00e9e Museum D\u00e9partemental, du 1er octobre 2007-15 mars 2008], dir. par Philippe Bernardi, \u00e9ditions du Fournel, Gap, 2007, pp 69-70.<\/p>\n<p style=\"text-align: justify;\">&#8211; Bernardi Ph., \u00ab\u00a0Contrats de scieurs de long\u00a0\u00bb in <em>For\u00eats alpines et charpentes de m\u00e9diterran\u00e9e<\/em>, [exposition, Gap, Mus\u00e9e Museum D\u00e9partemental, du 1er octobre 2007-15 mars 2008], dir. par Philippe Bernardi, \u00e9ditions du Fournel, Gap, 2007, pp 71-74.<\/p>\n<p style=\"text-align: justify;\">&#8211; Bernardi Ph., \u00ab\u00a0Le commerce du bois\u00a0\u00bb in <em>For\u00eats alpines et charpentes de m\u00e9diterran\u00e9e<\/em>, [exposition, Gap, Mus\u00e9e Museum D\u00e9partemental, du 1er octobre 2007-15 mars 2008], dir. par Philippe Bernardi, \u00e9ditions du Fournel, Gap, 2007, pp 79-88.<\/p>\n<p style=\"text-align: justify;\">&#8211; Bernardi Ph., \u00ab\u00a0Gassin et Compagnie, marchands de bois en 1523\u00a0\u00bb in <em>For\u00eats alpines et charpentes de m\u00e9diterran\u00e9e<\/em>, [exposition, Gap, Mus\u00e9e Museum D\u00e9partemental, du 1er octobre 2007-15 mars 2008], dir. par Philippe Bernardi, \u00e9ditions du Fournel, Gap, 2007, pp 94-96.<\/p>\n<p style=\"text-align: justify;\">&#8211; Bernardi Ph., \u00ab\u00a0L&rsquo;organisation des m\u00e9tiesr dans le Sud-Est de la France\u00a0\u00bb in <em>For\u00eats alpines et charpentes de m\u00e9diterran\u00e9e<\/em>, [exposition, Gap, Mus\u00e9e Museum D\u00e9partemental, du 1er octobre 2007-15 mars 2008], dir. par Philippe Bernardi, \u00e9ditions du Fournel, Gap, 2007, pp 109-113.<\/p>\n<p style=\"text-align: justify;\">&#8211; Bernardi Ph., \u00ab\u00a0Statuts de la confr\u00e9rie Saint-Joseph de Gap\u00a0\u00bb in <em>For\u00eats alpines et charpentes de m\u00e9diterran\u00e9e<\/em>, [exposition, Gap, Mus\u00e9e Museum D\u00e9partemental, du 1er octobre 2007-15 mars 2008], dir. par Philippe Bernardi, \u00e9ditions du Fournel, Gap, 2007, pp 114-120.<\/p>\n<p style=\"text-align: justify;\">&#8211; Bernardi Ph., \u00ab\u00a0Commander une charpente\u00a0\u00bb in <em>For\u00eats alpines et charpentes de m\u00e9diterran\u00e9e<\/em>, [exposition, Gap, Mus\u00e9e Museum D\u00e9partemental, du 1er octobre 2007-15 mars 2008], dir. par Philippe Bernardi, \u00e9ditions du Fournel, Gap, 2007, pp 131-134.<\/p>\n<p style=\"text-align: justify;\">&#8211; Bernardi Ph. et Bouticourt E., \u00ab\u00a0Les charpentes de toit\u00a0\u00bb in <em>For\u00eats alpines et charpentes de m\u00e9diterran\u00e9e<\/em>, [exposition, Gap, Mus\u00e9e Museum D\u00e9partemental, du 1er octobre 2007-15 mars 2008], dir. par Philippe Bernardi, \u00e9ditions du Fournel, Gap, 2007, pp 190-201.<\/p>\n<p style=\"text-align: justify;\">&#8211; Bernardi Ph., \u00ab\u00a0D\u00e9cor et support : quelques \u00e9l\u00e9ments de terminologie relatifs aux charpentes peintes m\u00e9di\u00e9vales\u00a0\u00bb, in <em>Plafonds peints m\u00e9di\u00e9vaux en Languedoc, Actes du colloques de Capestang, Narbonne, Lagrasse, 21-23 f\u00e9vrier 2008<\/em>, \u00e9tudes r\u00e9unies par Monique Bourin et Philippe Bernardi, Presses Universitaires de Perpignan, Perpignan, 2009, pp. 51-66.<\/p>\n<p>&#8211; Bernardi P<b>., <\/b>Mathon J.-B. (dir.), <em>Aux sources des plafonds peints m\u00e9di\u00e9vaux. Provence, Languedoc, Catalogne<\/em>, RCPPM, 2011, 270 p.<\/p>\n<p style=\"text-align: justify;\">&#8211; Boato A., <em>Costruire \u00ab\u00a0alla moderna\u00a0\u00bb. Materiali e tecniche a Genova tra XV et XVI secolo<\/em>, Edizioni all&rsquo;Insegna del Giglio, Florence, 2005 (<em>Biblioteca di archeologia dell\u2019architettura 4<\/em>), particuli\u00e8rement pp. 118-120.<\/p>\n<p>&#8211; Bonfadini P.,\u00a0<em>Colori di legno. Soffitti con tavolette dipinte a Brescia e nel territorio (secoli XV-XVI)<\/em>, Starrylink editrice, Collana SkyLine, Arte, Brescia, 2005. <a href=\"https:\/\/rcppm.org\/blog\/wp-content\/uploads\/2020\/05\/Colori-di-legno_Brescia_Bonfadini.pdf\"><img loading=\"lazy\" decoding=\"async\" class=\"alignnone wp-image-665\" src=\"https:\/\/rcppm.org\/blog\/wp-content\/uploads\/2010\/05\/icone-pdf.jpg\" alt=\"\" width=\"15\" height=\"14\" \/><\/a><\/p>\n<p style=\"text-align: justify;\">&#8211; Bonfadini P.,\u00a0\u00abAntiche vite dipinte. Appunti sui soffitti bresciani con tavolette lignee tra XV e XVI secolo\u00bb, in\u00a0<i>Commentari dell\u2019Ateneo di Brescia<\/i>\u00a0per l\u2019anno 2004, Tipografia Geroldi, Brescia 2007, pp. 21-34.<a href=\"https:\/\/rcppm.org\/blog\/wp-content\/uploads\/2017\/01\/Bonfadini_2004_Saggio_tavolette.pdf\" target=\"_blank\" rel=\"noopener noreferrer\"><img loading=\"lazy\" decoding=\"async\" class=\"alignnone\" src=\"https:\/\/rcppm.org\/blog\/wp-content\/uploads\/2010\/05\/icone-pdf.jpg\" width=\"14\" height=\"14\" \/><\/a><\/p>\n<p style=\"text-align: justify;\">&#8211; Bonfadini P., \u00abPreziosi frammenti di vita: soffitti lignei dipinti a Brescia e nel territorio fra met\u00e0 Quattrocento e primi Cinquecento. Ricerche e novit\u00e0\u00bb<i>,\u00a0<\/i>in\u00a0<i>Commentari dell\u2019Ateneo di Brescia<\/i>\u00a0per l\u2019anno 2009, Tipografia Geroldi, Brescia 2014, pp.<b>\u00a0<\/b>41-67.\u00a0<a href=\"https:\/\/rcppm.org\/blog\/wp-content\/uploads\/2017\/01\/Bonfadini_2009_Nuovi_studi_tavolette.pdf\" target=\"_blank\" rel=\"noopener noreferrer\"><img loading=\"lazy\" decoding=\"async\" class=\"alignnone\" src=\"https:\/\/rcppm.org\/blog\/wp-content\/uploads\/2010\/05\/icone-pdf.jpg\" width=\"14\" height=\"14\" \/><\/a><\/p>\n<p style=\"text-align: justify;\">&#8211; Bonfadini P., \u00ab\u201cVaghe bellezze\u201d: decorazione e musica in antichi libri e curiosi arredi lignei del primo Cinquecento bresciano\u00bb, in <i>Philomusica on-line<\/i>, Rivista del Dipartimento di Musicologia e Beni Culturali dell\u2019Universit\u00e0 degli Studi di Pavia, 2016, n\u00b0 1, pp. 253-266.<a href=\"https:\/\/rcppm.org\/blog\/wp-content\/uploads\/2017\/01\/1792-7540-1-PB.pdf\" target=\"_blank\" rel=\"noopener noreferrer\"><img loading=\"lazy\" decoding=\"async\" class=\"alignnone\" src=\"https:\/\/rcppm.org\/blog\/wp-content\/uploads\/2010\/05\/icone-pdf.jpg\" width=\"14\" height=\"14\" \/><\/a><\/p>\n<p>&#8211; Bonfadini P., \u00ab\u00a0Les couleurs du pass\u00e9 : plafonds peints en Italie du Moyen \u00c2ge \u00e0 la Renaissance. Quelques informations pr\u00e9liminaires\u00a0\u00bb, communication donn\u00e9e dans le cadre de l&rsquo;atelier Condorcet\u00a0\u00ab\u00a0La domestication de l\u2019image\u00a0\u00bb, le 25\/04\/2017 \u00e0 Paris.\u00a0<a href=\"https:\/\/rcppm.org\/blog\/wp-content\/uploads\/2019\/01\/Les_couleurs_de_pass\u00e9_texte_plus_bibliographie.pdf\"><img loading=\"lazy\" decoding=\"async\" class=\"alignnone wp-image-665\" src=\"https:\/\/rcppm.org\/blog\/wp-content\/uploads\/2010\/05\/icone-pdf.jpg\" alt=\"\" width=\"14\" height=\"14\" \/><\/a><\/p>\n<p>&#8211; Bonfadini P., \u00ab\u00a0Sogni d\u2019una bellezza antica : il fascino della classicit\u00e0 in opere d\u2019arredo ligneo rinascimentali inedite bresciane\u00a0\u00bb, en <a href=\"http:\/\/www.ateneo.brescia.it\/controlpanel\/uploads\/commentari-2008\/CAB2014.pdf\"><em>Commentari dell\u2019Ateneo di Brescia<\/em> per l\u2019anno 2014<\/a>, Tipografia Geroldi, Brescia 2018, pp. 225-250.\u00a0<a href=\"https:\/\/rcppm.org\/blog\/wp-content\/uploads\/2019\/01\/001-004_Frontespizio_Commentari_2014.pdf\"><img loading=\"lazy\" decoding=\"async\" class=\"alignnone wp-image-665\" src=\"https:\/\/rcppm.org\/blog\/wp-content\/uploads\/2010\/05\/icone-pdf.jpg\" alt=\"\" width=\"15\" height=\"15\" \/><\/a><a href=\"https:\/\/rcppm.org\/blog\/wp-content\/uploads\/2019\/01\/225-250_Bonfadini_Commentari_2018.pdf\"><img loading=\"lazy\" decoding=\"async\" class=\"alignnone wp-image-665\" src=\"https:\/\/rcppm.org\/blog\/wp-content\/uploads\/2010\/05\/icone-pdf.jpg\" alt=\"\" width=\"15\" height=\"15\" \/><\/a><\/p>\n<p style=\"text-align: justify;\">&#8211; Bonnet J.-L. H. et Martin J.-M., \u00ab\u00a0Un plafond peint du XVe si\u00e8cle d\u00e9couvert \u00e0 Carcassonne\u00a0\u00bb, in <em>Bulletin de la Soci\u00e9t\u00e9 d\u2019\u00c9tudes scientifiques de l\u2019Aude<\/em>, CIV (2004), pp. 89-102.<\/p>\n<p style=\"text-align: justify;\">&#8211; Boos E. de, \u00ab Le plafond armori\u00e9 du doyenn\u00e9 de Brioude \u00bb, in\u00a0<em>Cahiers de la Haute-Loire<\/em>, 1991, pp. 129-194.Borr\u00e1s Gualis G., <em>La techumbre mud\u00e9jar de la catedral de Teruel<\/em>, \u00e9dition, Zaragoza, 1999.<\/p>\n<p style=\"text-align: justify;\">&#8211; Bourcereau J., <em>L&rsquo;iconographie f\u00e9minine des plafonds orn\u00e9s, l&rsquo;exemple du Languedoc (XIII\u00e8me &#8211; XVI\u00e8me si\u00e8cles)<\/em>, Master 2, Rennes II, sous la direction de Xavier Barral I Altet, 2007 (indisponible).<\/p>\n<p>&#8211; Bourin M. et May R. (dir), <em>Plafonds peints m\u00e9di\u00e9vaux en Europe. Connaissance, conservation et restauration : m\u00e9thodes &amp; approches scientifiques<\/em>, Actes des 9e Rencontres de la RCPPM, Marseille-Fr\u00e9jus, 29 septembre-1er octobre 2016, CICRP, 2019.<a href=\"https:\/\/rcppm.org\/blog\/wp-content\/uploads\/2019\/10\/PLAFONDPEINT-eBook-light.pdf \"><img loading=\"lazy\" decoding=\"async\" class=\"alignnone wp-image-665\" src=\"https:\/\/rcppm.org\/blog\/wp-content\/uploads\/2010\/05\/icone-pdf.jpg\" alt=\"\" width=\"20\" height=\"20\" \/><\/a><\/p>\n<p style=\"text-align: justify;\">&#8211; Bourin M. et Beziat P., \u00ab\u00a0Le plafond du ch\u00e2teau de Capestang\u00a0\u00bb in <em>For\u00eats alpines et charpentes de m\u00e9diterran\u00e9e<\/em>, [exposition, Gap, Mus\u00e9e Museum D\u00e9partemental, du 1er octobre 2007-15 mars 2008], dir. par Philippe Bernardi, \u00e9ditions du Fournel, Gap, 2007, pp 246-251.<\/p>\n<p>&#8211; Bourin M., P\u00e9rez-Simon M. et Puchal G. (dir.), <em>De l\u2019Aragon au Frioul : esquisse d\u2019une g\u00e9ographie des plafonds peints m\u00e9di\u00e9vaux\u00a0: Actes des rencontres RCPPM (Lagrasse, octobre 2015).<\/em> Nouvelle \u00e9dition <a href=\"https:\/\/books.openedition.org\/psorbonne\/83555\">[en ligne]<\/a>. Paris : \u00c9ditions de la Sorbonne, 2021.<\/p>\n<p style=\"text-align: justify;\">&#8211;\u00a0Bouticourt E.,\u00a0<em>Construire des charpentes autrement : le Midi rhodanien \u00e0 la fin du Moyen \u00c2ge,\u00a0<\/em>sous la direction de Philippe BERNARDI (CNRS-LAMOP), Th\u00e8se de doctorat en Arch\u00e9ologie m\u00e9di\u00e9vale, Universit\u00e9 Paris 1 \u2013 Panth\u00e9on Sorbonne, octobre 2014, (2 vol.).<\/p>\n<p style=\"text-align: justify;\">&#8211; Bouticourt E., \u00ab\u00a0Regards sur quelques trait\u00e9s de charpentes\u00a0\u00bb in <em>For\u00eats alpines et charpentes de m\u00e9diterran\u00e9e<\/em>, [exposition, Gap, Mus\u00e9e Museum D\u00e9partemental, du 1er octobre 2007-15 mars 2008], dir. par Philippe Bernardi, \u00e9ditions du Fournel, Gap, 2007, pp 127-130.<\/p>\n<p style=\"text-align: justify;\">&#8211; Bouticourt E., \u00ab\u00a0Les marques d&rsquo;assemblage\u00a0\u00bb in <em>For\u00eats alpines et charpentes de m\u00e9diterran\u00e9e<\/em>, [exposition, Gap, Mus\u00e9e Museum D\u00e9partemental, du 1er octobre 2007-15 mars 2008], dir. par Philippe Bernardi, \u00e9ditions du Fournel, Gap, 2007, pp 135-137.<\/p>\n<p style=\"text-align: justify;\">&#8211; Bouticourt E., \u00ab\u00a0Les principaux types d&rsquo;assemblages\u00a0\u00bb in <em>For\u00eats alpines et charpentes de m\u00e9diterran\u00e9e<\/em>, [exposition, Gap, Mus\u00e9e Museum D\u00e9partemental, du 1er octobre 2007-15 mars 2008], dir. par Philippe Bernardi, \u00e9ditions du Fournel, Gap, 2007, pp 142-145.<\/p>\n<p style=\"text-align: justify;\">&#8211; Bouticourt E., \u00ab\u00a0Poutre arm\u00e9e et pan de bois\u00a0\u00bb in <em>For\u00eats alpines et charpentes de m\u00e9diterran\u00e9e<\/em>, [exposition, Gap, Mus\u00e9e Museum D\u00e9partemental, du 1er octobre 2007-15 mars 2008], dir. par Philippe Bernardi, \u00e9ditions du Fournel, Gap, 2007, pp 152-154.<\/p>\n<p style=\"text-align: justify;\">&#8211; Bouticourt E., \u00ab\u00a0La charpente de toit du \u201cch\u00e2teau\u201d de Cabannes (13)\u00a0\u00bb in <em>For\u00eats alpines et charpentes de m\u00e9diterran\u00e9e<\/em>, [exposition, Gap, Mus\u00e9e Museum D\u00e9partemental, du 1er octobre 2007-15 mars 2008], dir. par Philippe Bernardi, \u00e9ditions du Fournel, Gap, 2007, pp 219-221.<\/p>\n<p style=\"text-align: justify;\">&#8211; Bouticourt E., <em>Etat des connaissances sur les charpentes anciennes en Languedoc-Roussillon<\/em>, \u00e9tude command\u00e9e par la DRAC Languedoc-Roussillon, 2009, 41 p. et un volume d&rsquo;annexes.<\/p>\n<p style=\"text-align: justify;\">&#8211; Britton C., \u00ab\u00a0Le bois de la ville de Montpellier au Moyen \u00c2ge, le bois de Val\u00e8ne\u00a0\u00bb in <em>For\u00eats alpines et charpentes de m\u00e9diterran\u00e9e<\/em>, [exposition, Gap, Mus\u00e9e Museum D\u00e9partemental, du 1er octobre 2007-15 mars 2008], dir. par Philippe Bernardi, \u00e9ditions du Fournel, Gap, 2007, pp 58-61.<\/p>\n<p style=\"text-align: justify;\">&#8211; Bruguier-Roure L., \u00ab\u00a0Les plafonds peints du XV<sup>e<\/sup> si\u00e8cle dans la vall\u00e9e du Rh\u00f4ne\u00a0\u00bb, in <em>Congr\u00e8s arch\u00e9ologique de France, Montbrison, <\/em><em>LII<\/em><sup><em>e<\/em><\/sup><em> session, 1885<\/em><em>, <\/em><em>Caen<\/em><em>,<\/em> 1886, pp. 309-352.<a href=\"http:\/\/rcppm.org\/download\/biblio\/Bruguier-Roure_Montbrison.pdf\" target=\"_blank\" rel=\"noopener noreferrer\"><img loading=\"lazy\" decoding=\"async\" title=\"Bruguier-Roure L., \u00ab Les plafonds peints du XVe si\u00e8cle dans la vall\u00e9e du Rh\u00f4ne \u00bb\" src=\"https:\/\/rcppm.org\/blog\/wp-content\/uploads\/2010\/05\/icone-pdf.jpg\" alt=\"\" width=\"14\" height=\"14\" \/><\/a><\/p>\n<p style=\"text-align: justify;\">&#8211; Bruguier-Roure L., \u00ab Plafonds peints du XVe si\u00e8cle \u00bb, in <em>Bulletin monumental<\/em>, 1873, pp. 570-589.<\/p>\n<p style=\"text-align: justify;\">&#8211; Brunet E., \u00ab\u00a0La charpente du XIIe si\u00e8cle de l\u2019\u00e9glise de Chivy\u00a0\u00bb, in <em>Bulletin monumental<\/em>, 1928, p. 139-142.<\/p>\n<p style=\"text-align: justify;\">&#8211; Brussieux-Barthes C., <em>Ch\u00e2teau de Capestang. D\u00e9cor mural et plafond de la salle d\u2019apparat. \u00c9tude pr\u00e9alable \u00e0 la restauration<\/em>, DRAC Languedoc-Roussillon, 2004.<\/p>\n<p>&#8211; Bult\u00e9 C., Perez-Simon M., \u00ab De la scatologie \u00e0 l&rsquo;eschatologie. Souffle du bas et souffle du haut sur le plafond peint du ch\u00e2teau de l&rsquo;archev\u00eaque de Narbonne \u00e0 Capestang \u00bb, Collard F., Samama E. (dir.), <em>Histoire du ventre, entrailles, tripes et boyaux<\/em>, L&rsquo;Harmattan, 2021, p. 295-308.<\/p>\n<p style=\"text-align: justify;\">&#8211; Butt\u00e0 L., <em>Narrazione, exempla, retorica. Studi sull&rsquo; iconografia dei soffiti dipinti nel medioevo mediterraneo<\/em>, edizioni Caraco, Palerme 2013.<\/p>\n<p style=\"text-align: justify;\">&#8211; Butt\u00e0 L.,\u00a0\u00ab Herencias cl\u00e1sicas y Atm\u00f3sferas cortesanas en Sicile: el techo pintado de la Catedral de Nicosie \u00bb, in Alcoy R.,\u00a0Images indiscr\u00e8tes (2008),\u00a0Publicacions i edicions de la Universitat de Barcelona, Barcelona, 2010, pp. 71-80.<\/p>\n<p>&#8211; Butt\u00e0 L., <em>Immaginare il potere: il soffitto dipinto della Sala Magna di Palazzo Chiaromonte Steri e la cultura letteraria e artistica a Palermo nel Trecento<\/em>, Casalini, Alessandria, 2022.<\/p>\n<p>&#8211; Butt\u00e0 L., Perez-Simon M., \u00ab Une sc\u00e8ne embl\u00e9matique convertie en s\u00e9quence narrative. Raconter le Jugement de Salomon sur une solive du Palais Chiaramonte (Sicile, fin XIVe) \u00bb, <em>Histoires chr\u00e9tiennes en images : espace, temps et structure de la narration. Byzance et Moyen Age occidental<\/em>, Sulamith Brodbeck, Anne-Orange Poilpr\u00e9, Ioanna Rapti (dir.),\u00a0 \u00c9ditions de la Sorbonne (collection Byzantina Sorbonensia, n\u00b0 32), Paris, 2022, p. 205-222.<\/p>\n<p style=\"text-align: justify;\">&#8211; Byne A. et Stapley M., <em>Decorated wooden-ceilings in Spain<\/em>, G.P. Putnam&rsquo;s Sons, New-York \u2013 Londres, 1920, 222 p.<\/p>\n<p style=\"text-align: center;\">&#8211; C &#8211;<\/p>\n<p style=\"text-align: justify;\">&#8211; Cabanellas Rodr\u00edguez D., <em>El techo del Sal\u00f3n de Comares en la Alhambra. Decoraci\u00f3n, Policrom\u00eda, Simbolismo y Etimolog\u00eda<\/em>, Patronato de la Alhambra y Generalife, Grenade, 1988, 137 p.<\/p>\n<p style=\"text-align: justify;\">&#8211; Caba\u00f1ero Subiza B., <em>La techumbre mud\u00e9jar de la sala capitular del Monasterio de Sijena (Huesca). Nuevos datos para el estudio de la evoluci\u00f3n durante el siglo XII de los modelos de tableros geom\u00e9tricos de la Aljafer\u00eda de Zaragoza<\/em>, Tarazona &#8211; Instituto de Estudios Turiasonenses, Zaragoza, 2000, 111 p.<\/p>\n<p style=\"text-align: justify;\">&#8211; Candelas Guti\u00e9rrez \u00c1ngel L., Processo costructivo, ornamento y estructura en las armaduras de par y nudillo, in <em>Actas del I Congresso Nacional de Historia de la Construcci\u00f3n, Madrid, 19-21 septembre 1996,<\/em> Madrid, 1996, pp. 109-114.<\/p>\n<p style=\"text-align: justify;\">&#8211; Chiorino L., \u00ab\u00a0Le sciage\u00a0\u00bb in <em>For\u00eats alpines et charpentes de m\u00e9diterran\u00e9e<\/em>, [exposition, Gap, Mus\u00e9e Museum D\u00e9partemental, du 1er octobre 2007-15 mars 2008], dir. par Philippe Bernardi, \u00e9ditions du Fournel, Gap, 2007, pp 75-78.<\/p>\n<p style=\"text-align: justify;\">&#8211; Chiorino L., \u00ab\u00a0Les outils du charpentier\u00a0\u00bb in <em>For\u00eats alpines et charpentes de m\u00e9diterran\u00e9e<\/em>, [exposition, Gap, Mus\u00e9e Museum D\u00e9partemental, du 1er octobre 2007-15 mars 2008], dir. par Philippe Bernardi, \u00e9ditions du Fournel, Gap, 2007, pp 138-141.<\/p>\n<p style=\"text-align: justify;\">&#8211; Chiribay Calvo R., <em>La casa de Gaspar de Ari\u00f1o y las techumbres mud\u00e9jares de Zaragoza<\/em>, \u00e9dition, Zragoza, 1999, 205 p.<\/p>\n<p style=\"text-align: justify;\">&#8211; Clarinval S., <em>Le plafond peint du ch\u00e2teau de Capestang en Languedoc<\/em><em>,<\/em> m\u00e9moire de ma\u00eetrise d&rsquo;Histoire de l&rsquo;Art, dir. par Fran\u00e7oise Robin, Montpellier III, 2001.<\/p>\n<p style=\"text-align: justify;\">&#8211; Clarinval S., \u00ab\u00a0Le plafond peint du ch\u00e2teau de Capestang\u00a0\u00bb, in<em> \u00c9tudes h\u00e9raultaises<\/em>, n\u00b033-34, 2002-2003, pp. 57-68.<\/p>\n<p>&#8211; Colaianni M., \u00ab A quarant\u2019anni da \u00abTecta depicta\u00bb le capriate lignee dipinte in Puglia tra XIII e XV secolo \u00bb, in <em>VIII Ciclo di Studi Medievali<\/em>, Atti del Convegno, Firenze 23-24 maggio 2022, a cura di NUME Gruppo di Ricerca sul Medioevo Latino, Edizioni EBS, Lesmo (MB), 2022, pp. 385-390.<\/p>\n<p style=\"text-align: justify;\">&#8211; Collot G., \u00ab\u00a0Un nouveau plafond gothique au Mus\u00e9e d&rsquo;art et d&rsquo;histoire de Metz\u00a0\u00bb, in <em>Vivre \u00e0 Metz<\/em>, 1985, pp<\/p>\n<p style=\"text-align: justify;\">&#8211; Conejo da Pena A., \u00ab\u00a0Les charpentes de l&rsquo;H\u00f4tel de Ville de Barcelone\u00a0\u00bb in <em>For\u00eats alpines et charpentes de m\u00e9diterran\u00e9e<\/em>, [exposition, Gap, Mus\u00e9e Museum D\u00e9partemental, du 1er octobre 2007-15 mars 2008], dir. par Philippe Bernardi, \u00e9ditions du Fournel, Gap, 2007, pp 188-189.<\/p>\n<p style=\"text-align: justify;\">&#8211; Conejo da Pena A., \u00ab\u00a0Architectures m\u00e9diterran\u00e9ennes \u00e0 arcs diaphragmes et charpentes, la couronne d&rsquo;Aragon\u00a0\u00bb in <em>For\u00eats alpines et charpentes de m\u00e9diterran\u00e9e<\/em>, [exposition, Gap, Mus\u00e9e Museum D\u00e9partemental, du 1er octobre 2007-15 mars 2008], dir. par Philippe Bernardi, \u00e9ditions du Fournel, Gap, 2007, pp 205-207.<\/p>\n<p style=\"text-align: justify;\">&#8211; Conejo A. et Domenge J., \u00ab\u00a0Charpente et d\u00e9cor\u00a0\u00bb, [exposition, Gap, Mus\u00e9e Museum D\u00e9partemental, du 1er octobre 2007-15 mars 2008], dir. par Philippe Bernardi, \u00e9ditions du Fournel, Gap, 2007, pp 232-243.<\/p>\n<p style=\"text-align: justify;\">&#8211; Corrocher J., \u00ab\u00a0Un plafond peint du XVe si\u00e8cle, fleuron du patrimoine artistique d\u2019Aigueperse\u00a0\u00bb,\u00a0<em>Sparsae<\/em>, hors-s\u00e9rie n\u00b07, Aiguerperse : Association culturelle d&rsquo;Aigueperse et ses environs, 2016, 114 p.<\/p>\n<p style=\"text-align: justify;\">&#8211; CRMH, <em>Plafonds en bois &#8211; R\u00e9gion diverses<\/em>, <em>XIV<\/em><sup><em>e<\/em><\/sup><em>-XV<\/em><sup><em>e<\/em><\/sup><em> si\u00e8cle<\/em>, vol. 1, Minist\u00e8re des Affaires Culturelles, direction du Patrimoine, Paris, [s.d.], [n.p.].<\/p>\n<p style=\"text-align: center;\">&#8211; D &#8211;<\/p>\n<p style=\"text-align: left;\">&#8211;\u00a0\u00a0 Davy Ch., \u00ab Les d\u00e9cors peints civils entre Loire et Bretagne (XIIe au XVIe si\u00e8cle) \u00bb in\u00a0<em>Le d\u00e9cor peint dans la demeure au Moyen Age,<\/em> Actes des journ\u00e9es d&rsquo;\u00e9tudes des 15 et 16 novembre 2007 aux Archives d\u00e9partementales de Maine-et-Loire, publication en ligne, 2008.<a href=\"https:\/\/rcppm.org\/blog\/wp-content\/uploads\/2012\/04\/christian_davy.pdf\" target=\"_blank\" rel=\"noopener noreferrer\"><img loading=\"lazy\" decoding=\"async\" title=\"Christian Davy, Les d\u00e9cors peints civils entre Loire et Bretagne (XIIe au XVIe si\u00e8cle) \" src=\"https:\/\/rcppm.org\/blog\/wp-content\/uploads\/2010\/05\/icone-pdf.jpg\" alt=\"\" width=\"14\" height=\"14\" \/><\/a><\/p>\n<p style=\"text-align: justify;\">&#8211; Decri A. et Boato A., \u00ab\u00a0Planchers et plafonds\u00a0\u00bb in <em>For\u00eats alpines et charpentes de m\u00e9diterran\u00e9e<\/em>, [exposition, Gap, Mus\u00e9e Museum D\u00e9partemental, du 1er octobre 2007-15 mars 2008], dir. par Philippe Bernardi, \u00e9ditions du Fournel, Gap, 2007, pp 155-164.<\/p>\n<p style=\"text-align: justify;\">&#8211; Dittmar P.-O et Schmitt J.-C., \u00ab\u00a0Le plafond peint est-il est un espace marginal ? L&rsquo;exemple de Capestang\u00a0\u00bb, in <em>Plafonds peints m\u00e9di\u00e9vaux en Languedoc, Actes du colloques de Capestang, Narbonne, Lagrasse, 21-23 f\u00e9vrier 2008<\/em>, \u00e9tudes r\u00e9unies par Monique Bourin et Philippe Bernardi, Presses Universitaires de Perpignan, Perpignan, 2009, pp. 67-98.<\/p>\n<p style=\"text-align: justify;\">&#8211; Domenge J., \u00ab\u00a0Le plafond de la Sala Daurada de Valence\u00a0\u00bb in <em>For\u00eats alpines et charpentes de m\u00e9diterran\u00e9e<\/em>, [exposition, Gap, Mus\u00e9e Museum D\u00e9partemental, du 1er octobre 2007-15 mars 2008], dir. par Philippe Bernardi, \u00e9ditions du Fournel, Gap, 2007, pp 184-187.<\/p>\n<p style=\"text-align: justify;\">&#8211; Domenge J., \u00ab\u00a0Les charpentes du couvent de la Purisima Conception (Palma de Majorque)\u00a0\u00bb in <em>For\u00eats alpines et charpentes de m\u00e9diterran\u00e9e<\/em>, [exposition, Gap, Mus\u00e9e Museum D\u00e9partemental, du 1er octobre 2007-15 mars 2008], dir. par Philippe Bernardi, \u00e9ditions du Fournel, Gap, 2007, pp 208-210.<\/p>\n<p>&#8211;\u00a0Donato D., \u00ab\u00a0Il cielo dipinto. Il cosmo cavalleresco nei soffitti di et\u00e0 angioina del palazzo Serralunga\u00a0\u00bb, in R. Comba (a cura di), <em>Alba medievale. Dall&rsquo;alto Medioevo alla fine della dominazione angioina: VI-XIV secolo<\/em>, Alba-Cuneo (Studi per una storia d&rsquo;Alba, V), 2010, pp. 209-252<\/p>\n<p style=\"text-align: justify;\">&#8211; Dumas C. et Puchal G., <em>L\u2019imagier de Fr\u00e9jus. Les plafonds peints du clo\u00eetre de la cath\u00e9drale<\/em>, Monum, \u00c9ditions du patrimoine, Paris, 2001, 96 p.<\/p>\n<p style=\"text-align: justify;\">&#8211; Dumas C., <em>Plafond peint du clo\u00eetre de Fr\u00e9jus<\/em>, M\u00e9moire de Ma\u00eetrise sous la dir. de Paul Albert F\u00e9vrier, Universit\u00e9 d\u2019Aix-Marseille, 1989, 2 vol.<\/p>\n<p>&#8211; Dumoulin Val\u00e9rie, \u00ab Une poutre peinte armori\u00e9e, t\u00e9moin du tinel du coll\u00e8ge de Foix \u00bb, <em>M\u00e9moires de la Soci\u00e9t\u00e9 arch\u00e9ologique du Midi de la France<\/em>, t. LXXX-LXXXI, 2020-2021, p. 313.<\/p>\n<p style=\"text-align: justify;\">&#8211; Durand A. et Py V., \u00ab\u00a0L&rsquo;\u00e9volution des \u00e9cosyst\u00e8mes dans le Haut Champsaur et la montagne de Dormillouse (Hautes-Alpes Provence) au crible des charbons de bois arch\u00e9ologiques\u00a0\u00bb in <em>For\u00eats alpines et charpentes de m\u00e9diterran\u00e9e<\/em>, [exposition, Gap, Mus\u00e9e Museum D\u00e9partemental, du 1er octobre 2007-15 mars 2008], dir. par Philippe Bernardi, \u00e9ditions du Fournel, Gap, 2007, pp 32-35.<\/p>\n<p style=\"text-align: center;\">&#8211; E et F &#8211;<\/p>\n<p style=\"text-align: justify;\">&#8211; Edouard J.-L., \u00ab\u00a0Les vieux arbres t\u00e9moins et vestiges des for\u00eats du pass\u00e9 dans les alpes du Sud\u00a0\u00bb in <em>For\u00eats alpines et charpentes de m\u00e9diterran\u00e9e<\/em>, [exposition, Gap, Mus\u00e9e Museum D\u00e9partemental, du 1er octobre 2007-15 mars 2008], dir. par Philippe Bernardi, \u00e9ditions du Fournel, Gap, 2007, pp 9-16.<\/p>\n<p style=\"text-align: justify;\"><em>&#8211; <\/em>Fatas Cabeza G. (dir)<em>, Techumbre de la catedral de Teruel. Restauraci\u00f3n (La)<\/em>, Diputaci\u00f3n General de Arag\u00f3n, Zaragoza, 1999, 117 p.<\/p>\n<p>&#8211; F\u00e9rault M.-A.,\u00a0<em>Plafonds en bois du Moyen \u00e2ge au XVIIe si\u00e8cle<\/em>, Editions du Patrimoine, CMN, Paris, 2014, 270 p.<\/p>\n<p style=\"text-align: justify;\">&#8211; Ferras C. et Sauget J-M,\u00a0<em>Capestang. histoire et inventaire d\u2019un village h\u00e9raultais<\/em>, Pays Haut-Languedoc et Vignobles, \u00a02011.<\/p>\n<p style=\"text-align: justify;\">&#8211; Ferrer A., \u00ab\u00a0La charpente de la caserne de Rochambeau \u00e0 Mont-Dauphin\u00a0\u00bb in <em>For\u00eats alpines et charpentes de m\u00e9diterran\u00e9e<\/em>, [exposition, Gap, Mus\u00e9e Museum D\u00e9partemental, du 1er octobre 2007-15 mars 2008], dir. par Philippe Bernardi, \u00e9ditions du Fournel, Gap, 2007, pp 202-204.<\/p>\n<p style=\"text-align: justify;\">&#8211; Fontan J.-C., \u00ab\u00a0La charpente du clo\u00eetre de la cath\u00e9drale Saint-L\u00e9once de Fr\u00e9jus et son d\u00e9cor peint\u00a0\u00bb in <em>For\u00eats alpines et charpentes de m\u00e9diterran\u00e9e<\/em>, [exposition, Gap, Mus\u00e9e Museum D\u00e9partemental, du 1er octobre 2007-15 mars 2008], dir. par Philippe Bernardi, \u00e9ditions du Fournel, Gap, 2007, pp 179-183.<\/p>\n<p style=\"text-align: justify;\">&#8211; Fraga Gonz\u00e1lez C., \u00ab\u00a0Techo de la catedral de Teruel. Aportaci\u00f3n iconografica\u00a0\u00bb, in\u00a0<em>Estudios de Arte. Homenaja al profesor Mart\u00edn Gonz\u00e1lez<\/em>, Valladolid, 1995, pp. 47-53.<\/p>\n<p style=\"text-align: justify;\">&#8211; Fratta F.,\u00a0\u00ab Di prati in flore, balene \u00ab\u00a0et altre maraviglie\u00a0\u00bb:\u00a0\u00a0un inedito soffito dipinto cividalese della prima met\u00e0 del Quattrocento.\u00bb in Camelliti V. (a cura di), Trivellone A.\u00a0(a cura di),\u00a0<em>Un medioevo in lungo et in largo. Da bisanzio all&rsquo;occidente (VI-XVI secolo). Studi per Valentico Pace ,<\/em>Paccini Editore, 2014,<em>\u00a0<\/em>pp 245-255.\u00a0<a href=\"https:\/\/www.academia.edu\/10081841\/Di_prati_in_fiore_balene_et_altre_maraviglie_un_inedito_soffitto_dipinto_cividalese_della_prima_met%C3%A0_del_Quattrocento\" target=\"_blank\" rel=\"noopener noreferrer\"><img loading=\"lazy\" decoding=\"async\" title=\"Zeitoun Charline, &quot;Les plafonds polissons du Moyen Age&quot;, Le journal du CNRS, n\u00b0269, p.14-16.\" src=\"https:\/\/rcppm.org\/blog\/wp-content\/uploads\/2010\/05\/icone-pdf.jpg\" alt=\"\" width=\"14\" height=\"14\" \/><\/a><\/p>\n<p style=\"text-align: justify;\">&#8211; Fratta F.,\u00a0\u00ab\u00a0Soffitti lignei dipinti in Friuli tra basso Medioevo e primo Rinascimento\u00a0\u00bb, in D&rsquo;Arcano Grattoni M. (a cura di),\u00a0<em>Tabul\u00e6 pict\u00e6. Pettenelle e cantinelle a Cividale fra Medioevo e Rinascimento<\/em>,\u00a0Silvana, Milano, 2013, pp. 95-107.<a href=\"https:\/\/www.academia.edu\/4062735\/Soffitti_lignei_dipinti_in_Friuli_tra_basso_Medioevo_e_primo_Rinascimento\" target=\"_blank\" rel=\"noopener noreferrer\"><img loading=\"lazy\" decoding=\"async\" title=\"Zeitoun Charline, &quot;Les plafonds polissons du Moyen Age&quot;, Le journal du CNRS, n\u00b0269, p.14-16.\" src=\"https:\/\/rcppm.org\/blog\/wp-content\/uploads\/2010\/05\/icone-pdf.jpg\" alt=\"\" width=\"14\" height=\"14\" \/><\/a><\/p>\n<p style=\"text-align: justify;\">&#8211; Fratta F.,\u00a0\u00ab Soffitti lignei dipinti a Cividale del Friuli\u00a0\u00bb, in D&rsquo;Arcano Grattoni M. (a cura di),\u00a0<em>Tabul\u00e6 pict\u00e6. Pettenelle e cantinelle a Cividale fra Medioevo e Rinascimento<\/em>,\u00a0Silvana, Milano, 2013, pp. 136-160.<a href=\"https:\/\/www.academia.edu\/4062732\/Soffitti_lignei_dipinti_a_Cividale_del_Friuli\" target=\"_blank\" rel=\"noopener noreferrer\"><img loading=\"lazy\" decoding=\"async\" title=\"Zeitoun Charline, &quot;Les plafonds polissons du Moyen Age&quot;, Le journal du CNRS, n\u00b0269, p.14-16.\" src=\"https:\/\/rcppm.org\/blog\/wp-content\/uploads\/2010\/05\/icone-pdf.jpg\" alt=\"\" width=\"14\" height=\"14\" \/><\/a><\/p>\n<p style=\"text-align: justify;\">&#8211; Fratta F.,\u00a0\u00ab La rappresentazione delle armi nelle pettenelle tra il XV e il XVI secolo \u00a0\u00bb, in D&rsquo;Arcano Grattoni\u00a0M. (a cura di),\u00a0<em>Tabul\u00e6 pict\u00e6. Pettenelle e cantinelle a Cividale fra Medioevo e Rinascimento<\/em>,\u00a0Silvana, Milano, 2013, pp. 175-181\u00a0.<a href=\"https:\/\/www.academia.edu\/4062710\/La_rappresentazione_delle_armi_nelle_pettenelle_tra_il_XV_e_il_XVI_secolo\" target=\"_blank\" rel=\"noopener noreferrer\"><img loading=\"lazy\" decoding=\"async\" title=\"Zeitoun Charline, &quot;Les plafonds polissons du Moyen Age&quot;, Le journal du CNRS, n\u00b0269, p.14-16.\" src=\"https:\/\/rcppm.org\/blog\/wp-content\/uploads\/2010\/05\/icone-pdf.jpg\" alt=\"\" width=\"14\" height=\"14\" \/><\/a><\/p>\n<p>&#8211; Fratta de Tomas F., <em>Soffitti lignei dipinti in Friuli fra Medioevo e Rinascimento<\/em>, Silvana editoriale, Milano, 2019.<\/p>\n<p style=\"text-align: justify;\">&#8211; Fronton-Wessel M.-L., \u00ab Les th\u00e8mes profanes de plafonds peints du dioc\u00e8se de Carcassonne \u00bb, in <em>Miroir des Mis\u00e9ricordes, XV-XIXe s.<\/em>, actes du colloque, 27-28 mai 1994 \u00e0 Conques, \u00e9dition, ville, 1996, pp.<\/p>\n<p style=\"text-align: justify;\">&#8211; Fronton-Wessel M.-L., \u00ab L&rsquo;\u00e9glise Notre-Dame de Lamourguier \u00e0 Narbonne : la charpente peinte \u00bb, in <em>Bulletin de la commission arch\u00e9ologique et litt\u00e9raire de Narbonne<\/em>, t. 47-48, 1996-97, pp. 206-211.<a href=\"http:\/\/rcppm.org\/download\/biblio\/Fronton-Wessel_Larmourguier-Narbonne.pdf\" target=\"_blank\" rel=\"noopener noreferrer\"><img loading=\"lazy\" decoding=\"async\" title=\"Fronton-Wessel M.-L., \u00ab l'\u00e9glise Notre-Dame de Lamourguier \u00e0 Narbonne \u00bb\" src=\"https:\/\/rcppm.org\/blog\/wp-content\/uploads\/2010\/05\/icone-pdf.jpg\" alt=\"\" width=\"14\" height=\"14\" \/><\/a><\/p>\n<p style=\"text-align: justify;\">&#8211; Fronton-Wessel M.-L., <em>Plafonds et charpentes orn\u00e9s en Bas Languedoc (dioc\u00e8se de Narbonne et de Carcassonne)<\/em>, Th\u00e8se de doctorat sous la dir. de M. Pradalier-Schlumberger, Universit\u00e9 de Toulouse Le Mirail, 2000, 3 vol.<\/p>\n<p style=\"text-align: justify;\">&#8211; Fronton-Wessel M.-L., \u00ab\u00a0Le plafond de la Grand\u2019Chambre de la Cour d\u2019Appel de Toulouse (fin du XVe si\u00e8cle)\u00a0\u00bb, (Actualit\u00e9), in <em>Bulletin Monumental<\/em>, 158-4, 2000, pp. 361-362.<a href=\"http:\/\/rcppm.org\/download\/biblio\/Fronton-Wessel_Toulouse.pdf\" target=\"_blank\" rel=\"noopener noreferrer\"><img loading=\"lazy\" decoding=\"async\" title=\"Fronton-Wessel M.-L., \u00ab Le plafond de la Grand\u2019Chambre de la Cour d\u2019Appel de Toulouse \u00bb\" src=\"https:\/\/rcppm.org\/blog\/wp-content\/uploads\/2010\/05\/icone-pdf.jpg\" alt=\"\" width=\"14\" height=\"14\" \/><\/a><\/p>\n<p style=\"text-align: justify;\">&#8211; Fronton-Wessel M.-L., \u00ab Le plafond peint du Palais des Archev\u00eaques de Narbonne \u00bb, in <em>Les arts picturaux en France m\u00e9ridionale et en Catalogne du XIIIe au XVe si\u00e8cle<\/em>, Actes du 4e colloque d\u2019histoire de l\u2019art m\u00e9ridional au Moyen \u00c2ge, 2 et 3 d\u00e9cembre 1994. \u00c9tudes r\u00e9unies par Myriam Sirventon et Jean Nougaret, Ville de Narbonne, Narbonne, 2003, pp. 31-38.<a href=\"http:\/\/rcppm.org\/download\/biblio\/Fronton-Wessel_palais-Narbonne.pdf\" target=\"_blank\" rel=\"noopener noreferrer\"><img loading=\"lazy\" decoding=\"async\" title=\"Fronton-Wessel M.-L., \u00ab Le plafond peint du Palais des Archev\u00eaques de Narbonne \u00bb\" src=\"https:\/\/rcppm.org\/blog\/wp-content\/uploads\/2010\/05\/icone-pdf.jpg\" alt=\"\" width=\"14\" height=\"14\" \/><\/a><\/p>\n<p style=\"text-align: justify;\">&#8211; Fronton-Wessel M.-L., \u00ab Le plafond peint du ch\u00e2teau de Capestang \u00bb, in <em>Les arts picturaux en France m\u00e9ridionale et en Catalogne du XIIIe au XVe si\u00e8cle<\/em>, Actes du 4e colloque d\u2019histoire de l\u2019art m\u00e9ridional au Moyen \u00c2ge, 2 et 3 d\u00e9cembre 1994. \u00c9tudes r\u00e9unies par Myriam Sirventon et Jean Nougaret, Ville de Narbonne, Narbonne, 2003, pp. 45-52.<a href=\"http:\/\/rcppm.org\/download\/biblio\/Fronton-Wessel_chateau-capestang.pdf\" target=\"_blank\" rel=\"noopener noreferrer\"><img loading=\"lazy\" decoding=\"async\" title=\"Fronton-Wessel M.-L., \u00ab Le plafond peint du ch\u00e2teau de Capestang \u00bb\" src=\"https:\/\/rcppm.org\/blog\/wp-content\/uploads\/2010\/05\/icone-pdf.jpg\" alt=\"\" width=\"14\" height=\"14\" \/><\/a><\/p>\n<p style=\"text-align: justify;\">&#8211; Fronton-Wessel M.-L., \u00ab\u00a0Homog\u00e9n\u00e9it\u00e9 et nuances th\u00e9matiques autour de Narbonne, \u00e0 travers les plafonds peints de Lagrasse et de Capestang\u00a0\u00bb, in <em>Plafonds peints m\u00e9di\u00e9vaux en Languedoc, Actes du colloques de Capestang, Narbonne, Lagrasse, 21-23 f\u00e9vrier 2008<\/em>, \u00e9tudes r\u00e9unies par Monique Bourin et Philippe Bernardi, Presses Universitaires de Perpignan, Perpignan, 2009, pp. 99-114.<\/p>\n<p style=\"text-align: justify;\">&#8211; Fronty J., <em>L&rsquo;\u00e9trange \u00ab\u00a0bestiaire\u00a0\u00bb m\u00e9di\u00e9val du mus\u00e9e de Metz, un poisson dans le plafond<\/em>, \u00e9ditions Serpenoise, Metz, 2007, 158 p.<\/p>\n<p style=\"text-align: justify;\">&#8211; Fuguet i Sans J. et Mirambell i Albanc\u00f3 M., <em>L\u2019esgl\u00e9sia de Sant Miquel de Montblanc i el seu teginat<\/em>, Cosset\u00e0nia Edicions, Valls, 2006 (<em>Col.lecci\u00f3 El Bagul 8<\/em>), 93 p.<\/p>\n<p style=\"text-align: justify;\">&#8211; Furestier D., \u00ab\u00a0Les radeliers de la Durance\u00a0\u00bb in <em>For\u00eats alpines et charpentes de m\u00e9diterran\u00e9e<\/em>, [exposition, Gap, Mus\u00e9e Museum D\u00e9partemental, du 1er octobre 2007-15 mars 2008], dir. par Philippe Bernardi, \u00e9ditions du Fournel, Gap, 2007, pp 92-93.<\/p>\n<p style=\"text-align: center;\">&#8211; G &#8211;<\/p>\n<p style=\"text-align: justify;\">&#8211; Garrigou Granchamp P. et Salv\u00e8que J.-D., \u00ab\u00a0Les d\u00e9cors peints dans les maisons de Cluny XIIe-XIVe si\u00e8cles\u00a0\u00bb<em>, <\/em>in <em><em>Dossiers de l&rsquo;arch\u00e9ologie<\/em><\/em><em>, <\/em>n\u00b0 269 (d\u00e9cembre 2001-janvier 2002), pp. 138-145.<\/p>\n<p style=\"text-align: justify;\">&#8211; Gelis-Didot P. et Laffill\u00e9e H., <em>La peinture d\u00e9corative en France du XIe au XVIe si\u00e8cle<\/em>, Paris, 1889, notice et planche n\u00b051.<\/p>\n<p style=\"text-align: justify;\">&#8211; Giordano L. (dir.), <em>Soffitti lignei. Convegno internazionale di studi. Pavia, 29-30 marzo 2001<\/em>, ETS, Pise, 2005 (<em>Quaderni di Artes\/1<\/em>), 240 p.<\/p>\n<p style=\"text-align: justify;\">&#8211; Girard A., \u00ab\u00a0Les salles d\u2019apparat de Guillaume de Piolenc (Maison des chevaliers, Pont-Saint-Esprit)\u00a0\u00bb, in <em>Hommage \u00e0 Robert Saint-Jean<\/em>. <em>Art et histoire dans le Midi Languedocien et rhodanien (X<\/em><sup><em>e<\/em><\/sup><em>-XIX<\/em><sup><em>e<\/em><\/sup><em> si\u00e8cles)<\/em><em>, M\u00e9moires de la Soci\u00e9t\u00e9 Arch\u00e9ologique de Montpellier<\/em>, t. XXI, 1993, pp. 199-215.<\/p>\n<p style=\"text-align: justify;\">&#8211; Girard A., <em>La maison des Chevaliers de Pont-Saint-Esprit<\/em>, <em>La demeure des Piolenc<\/em>, Conseil g\u00e9n\u00e9ral du Gard, t. 1, 2001, pp. 67-68.<\/p>\n<p style=\"text-align: justify;\">&#8211; Girard A., \u00ab\u00a0La maison des Chevaliers de Pont-Saint-Esprit\u00a0\u00bb, in <em>Soci\u00e9t\u00e9 Fran\u00e7aise d\u2019Arch\u00e9ologie<\/em>, Congr\u00e8s du Gard, 1999, Paris, 2000, pp. 213-225.<\/p>\n<p style=\"text-align: justify;\">&#8211; Girard A., \u00ab\u00a0Une habitation patricienne : la maison des chevaliers de Pont-Saint-Esprit\u00a0\u00bb, in <em>Histoire M\u00e9di\u00e9vale<\/em>, n\u00b059, 2004, pp<\/p>\n<p style=\"text-align: justify;\">&#8211; Girard A., \u00ab\u00a0La charpente de la cour royale de justice de la maison des chevaliers de Pont-Saint-Esprit\u00a0\u00bb in <em>For\u00eats alpines et charpentes de m\u00e9diterran\u00e9e<\/em>, [exposition, Gap, Mus\u00e9e Museum D\u00e9partemental, du 1er octobre 2007-15 mars 2008], dir. par Philippe Bernardi, \u00e9ditions du Fournel, Gap, 2007, pp 211-218.<\/p>\n<p style=\"text-align: justify;\">&#8211; Girard A., \u00ab\u00a0Une exp\u00e9rience pionni\u00e8re, la maison des chevaliers de Pont-Saint-Esprit\u00a0\u00bb, in <em>Plafonds peints m\u00e9di\u00e9vaux en Languedoc, Actes du colloques de Capestang, Narbonne, Lagrasse, 21-23 f\u00e9vrier 2008<\/em>, \u00e9tudes r\u00e9unies par Monique Bourin et Philippe Bernardi, Presses Universitaires de Perpignan, Perpignan, 2009, pp. 15-30.<\/p>\n<p style=\"text-align: justify;\">&#8211; Gomez E., \u00ab\u00a0Quelques exemples de plafonds peints m\u00e9di\u00e9vaux et tardo-m\u00e9di\u00e9vaux \u00e0 B\u00e9ziers\u00a0\u00bb, in <em>Plafonds peints m\u00e9di\u00e9vaux en Languedoc, Actes du colloques de Capestang, Narbonne, Lagrasse, 21-23 f\u00e9vrier 2008<\/em>, \u00e9tudes r\u00e9unies par Monique Bourin et Philippe Bernardi, Presses Universitaires de Perpignan, Perpignan, 2009, pp. 173-186.<\/p>\n<p style=\"text-align: justify;\">&#8211; Grenet D.,\u00a0<em>Le d\u00e9cor peint des \u00e9difices civils en Provence au XVe si\u00e8cle,\u00a0<\/em>m\u00e9moire de master 2, dir. par Philippe Lorentz, Universit\u00e9 Paris IV-Sorbonne, 2014.\u00a0<a href=\"https:\/\/rcppm.org\/blog\/wp-content\/uploads\/2015\/01\/Delphine-Grenet-T1.pdf\" target=\"_blank\" rel=\"noopener noreferrer\"><img loading=\"lazy\" decoding=\"async\" title=\"Delphine Grenet, Le d\u00e9cor peint des \u00e9difices civils en Provence au XVe si\u00e8cle, Volume 1\/3\" src=\"https:\/\/rcppm.org\/blog\/wp-content\/uploads\/2010\/05\/icone-pdf.jpg\" alt=\"\" width=\"14\" height=\"14\" \/><\/a>\u00a0<a href=\"https:\/\/rcppm.org\/blog\/wp-content\/uploads\/2015\/01\/Delphine-Grenet-T2.pdf\" target=\"_blank\" rel=\"noopener noreferrer\"><img loading=\"lazy\" decoding=\"async\" title=\"Delphine Grenet, Le d\u00e9cor peint des \u00e9difices civils en Provence au XVe si\u00e8cle, Volume 2\/3.\" src=\"https:\/\/rcppm.org\/blog\/wp-content\/uploads\/2010\/05\/icone-pdf.jpg\" alt=\"\" width=\"14\" height=\"14\" \/><\/a><\/p>\n<p style=\"text-align: justify;\">&#8211; Guibal F., \u00ab\u00a0Un monde changeant, l&rsquo;\u00e9cosyst\u00e8me forestier\u00a0\u00bb in <em>For\u00eats alpines et charpentes de m\u00e9diterran\u00e9e<\/em>, [exposition, Gap, Mus\u00e9e Museum D\u00e9partemental, du 1er octobre 2007-15 mars 2008], dir. par Philippe Bernardi, \u00e9ditions du Fournel, Gap, 2007, pp 36-42.<\/p>\n<p style=\"text-align: justify;\">&#8211; Guibal F., Edouard J.-L., Bouticourt E. et Bernardi Ph., \u00ab\u00a0Les charpentes de la coll\u00e9giale de Brian\u00e7on\u00a0\u00bb in <em>For\u00eats alpines et charpentes de m\u00e9diterran\u00e9e<\/em>, [exposition, Gap, Mus\u00e9e Museum D\u00e9partemental, du 1er octobre 2007-15 mars 2008], dir. par Philippe Bernardi, \u00e9ditions du Fournel, Gap, 2007, pp 222-231.<\/p>\n<p style=\"text-align: center;\">&#8211; H &#8211;<\/p>\n<p style=\"text-align: justify;\">&#8211; Hans Collas I., <em>Images de la soci\u00e9t\u00e9\u00a0: entre d\u00e9votion populaire et art princier\u00a0: la peinture murale en Lorraine du XIII<\/em><sup><em>e<\/em><\/sup><em> si\u00e8cle au XVI<\/em><sup><em>e<\/em><\/sup><em> si\u00e8cle, <\/em>th\u00e8se de doctorat dir. par Albert Chatelet, Strasbourg II, 1997.<\/p>\n<p style=\"text-align: justify;\">&#8211; Hans Collas I., \u00ab\u00a0Peintures murales\u00a0: Metz, maison, 12 rue des Clercs \u00bb, in <em>Vivre au Moyen \u00c2ge\u00a0: Luxembourg-Metz et Tr\u00e8ves, <\/em>Mus\u00e9e d\u2019histoire de la ville de Luxembourg, Luxembourg, 1998, pp. 336-339.<\/p>\n<p style=\"text-align: justify;\">&#8211; Hans Collas I., \u00ab\u00a0Plafonds peints\u00a0: Metz, Maison, 8 rue Poncelet\u00a0\u00bb, in <em>Vivre au Moyen \u00c2ge\u00a0: Luxembourg-Metz et Tr\u00e8ves, Mus\u00e9e d\u2019histoire de la ville de Luxembourg, <\/em>Luxembourg, 1998, pp.330-335.<\/p>\n<p style=\"text-align: justify;\">&#8211; Hans Collas I., \u00ab Le d\u00e9cor des maisons dans l&rsquo;est de la France : peintures murales et plafonds peints (XIIIe &#8211; XVe si\u00e8cles) \u00bb in\u00a0<em>Le d\u00e9cor peint dans la demeure au Moyen Age,<\/em> Actes des journ\u00e9es d&rsquo;\u00e9tudes des 15 et 16 novembre 2007 aux Archives d\u00e9partementales de Maine-et-Loire, publication en ligne, 2008.<a href=\"http:\/\/www.cg49.fr\/culture\/peintures_murales\/medias\/pdf\/ilona_hans_collas.pdf\" target=\"_blank\" rel=\"noopener noreferrer\"><img loading=\"lazy\" decoding=\"async\" title=\"Hans Collas I., &quot;le d\u00e9cor des maisons dans l'Est de la France : peintures murales et plafonds peitns (XIIIe-XVe si\u00e8cles)\" src=\"https:\/\/rcppm.org\/blog\/wp-content\/uploads\/2010\/05\/icone-pdf.jpg\" alt=\"\" width=\"14\" height=\"14\" \/><\/a><\/p>\n<p style=\"text-align: justify;\">&#8211; Hern\u00e1ndez F., \u00ab\u00a0Arte Musulm\u00e1n\u00a0: la techumbre de la gran mezquita de C\u00f3rdoba\u00a0\u00bb, in <em>Archivo Espa\u00f1ol de Arte y Arqueolog\u00eda<\/em>, XII, 1928, pp. 191-225.<\/p>\n<p style=\"text-align: justify;\">&#8211; Hoffsummer P.(dir.), <em>Les charpentes du XIe au XIXe si\u00e8cle<\/em>, typologie et \u00e9volution en France du Nord et en Belgique, Monum, Editions du Patrimoine, Paris, 2002.<\/p>\n<p style=\"text-align: justify;\">&#8211; Hoffsummer P., <em>Charpentes d&rsquo;Europe<\/em>, Institut du patrimoine Wallon, Namur, 2009.<\/p>\n<p style=\"text-align: justify;\">&#8211;\u00a0Hoffsummer P.(dir.), <em>Les charpentes du XIe au XIXe si\u00e8cle, Grand Ouest de la France : typologie et \u00e9volution, analyse de la documentation de la M\u00e9diath\u00e8que de l&rsquo;Architecture et du Patrimoine<\/em>, Brepols,Thurnout,\u00a02011.<\/p>\n<p style=\"text-align: justify;\">&#8211; Huser A., <em>Le ch\u00e2teau \u00bb &#8211; Pomas (Aude)<\/em>, INRAP, Diagnostic arch\u00e9ologique &#8211; Document final de synth\u00e8se, 2008, 109 p.<\/p>\n<p style=\"text-align: justify;\">&#8211; Huser A., <em>B\u00e9ziers, impasse de la Notairie, \u00e9valuation arch\u00e9ologique d&rsquo;un ensemble de B\u00e2timents<\/em>, \u00e9dition, 2003, p.<\/p>\n<p style=\"text-align: justify;\">&#8211; Hiline A. et Briotet C., \u00ab\u00a0Sources d&rsquo;archives pour une recherche sur les for\u00eats\u00a0\u00bb in <em>For\u00eats alpines et charpentes de m\u00e9diterran\u00e9e<\/em>, [exposition, Gap, Mus\u00e9e Museum D\u00e9partemental, du 1er octobre 2007-15 mars 2008], dir. par Philippe Bernardi, \u00e9ditions du Fournel, Gap, 2007, pp 43-46.<\/p>\n<p style=\"text-align: center;\">&#8211; L-<\/p>\n<p style=\"text-align: justify;\">&#8211; Lacour J., \u00ab\u00a0Un plafond armori\u00e9 du XVe si\u00e8cle \u00e0 Aigueperse\u00a0\u00bb, in <em>Bulletin historique et scientifique de l&rsquo;Auvergne<\/em>, t XCVII, n\u00b0722, 1994, pp. 153-169.<\/p>\n<p style=\"text-align: justify;\">&#8211; Laforgue J., \u00ab\u00a0Le plafond peint de la salle Vinas du Ch\u00e2teau d\u2019En-bas \u00e0 Poussan (H\u00e9rault)\u00a0\u00bb, in<em> \u00c9tudes h\u00e9raultaises<\/em>, n\u00b033-34, 2002-2003, pp. 43-56.<a href=\"http:\/\/rcppm.org\/download\/biblio\/Laforgue_poussan-salle-vinas.pdf\" target=\"_blank\" rel=\"noopener noreferrer\"><img loading=\"lazy\" decoding=\"async\" title=\"Laforgue J., \u00ab Le plafond peint de la salle Vinas du Ch\u00e2teau d\u2019En-bas \u00e0 Poussan (H\u00e9rault) \u00bb\" src=\"https:\/\/rcppm.org\/blog\/wp-content\/uploads\/2010\/05\/icone-pdf.jpg\" alt=\"\" width=\"14\" height=\"14\" \/><\/a><\/p>\n<p style=\"text-align: justify;\">&#8211; Langlois G., Foltran J., Sarret J.-P.,\u00a0<span class=\"a\">\u00ab La maison de B\u00e9renger Mage,\u00a0<\/span><span class=\"a\">viguier de Lagrasse au XIII<sup>e<\/sup><\/span><span class=\"a\">\u00a0<\/span><span class=\"a\">si\u00e8cle, et son plafond peint armori\u00e9 \u00bb,\u00a0<\/span><em><span class=\"a\">Bulletin de la Soci\u00e9t\u00e9\u00a0<\/span><\/em><span class=\"a\"><em>d&rsquo;\u00e9tudes scientifiques de l&rsquo;Aude<\/em>,\u00a0<\/span><span class=\"a\">suppl\u00e9ment num\u00e9rique au tome CXVI, 2016, 26 p.\u00a0<\/span><\/p>\n<p style=\"text-align: justify;\">&#8211; Lanoy F. de, \u00ab\u00a0Le plafond peint de la salle de justice de la maison des chevaliers de Pont-Saint-Esprit\u00a0\u00bb, in <em>Moyen \u00c2ge<\/em>, n\u00b023, 2001, pp. 34-39.<\/p>\n<p style=\"text-align: justify;\">&#8211; Lavado Paradinas P. J., \u00ab\u00a0Carpinter\u00eda y otros elementos t\u00edpicamente mud\u00e9jares en la provincia di Palencia\u00a0\u00bb, in<em> Actas del I simposio internacional de mudejarismo (Teruel, 15-19 de septiembre de 1975)<\/em>, Madrid-Teruel, 1981, pp. 427-442.<\/p>\n<p style=\"text-align: justify;\">&#8211; Lavado Paradinas P. J., <em>Carpinter\u00eda y otros elementos t\u00edpicamente mud\u00e9jares en la provincia di Palencia. Partidos judiciales de Astudillo, Baltan\u00e1s y Palencia<\/em>, Tello T\u00e9llez de Meneses, Palencia, 1977, 234 p.<\/p>\n<p style=\"text-align: justify;\">&#8211; Leblanc G., \u00ab\u00a0La Maison des Consuls de Mirepoix\u00a0\u00bb, in <em>M.S.A.M.F<\/em>., t. XXXVIII, 1973, pp. 93-124.<\/p>\n<p style=\"text-align: justify;\">&#8211; Lejbowicz M., \u00ab\u00a0<em>Plafonds peints m\u00e9di\u00e9vaux en Languedoc<\/em>, \u00e9d. Monique Bourin et Philippe Bernardi \u00a0\u00bb, in <em>Cahiers de recherches m\u00e9di\u00e9vales et humanistes<\/em>, Comptes rendus (par ann\u00e9e de publication des ouvrages), 2009, [En ligne], mis en ligne le 22 juin 2010. URL\u00a0: http:\/\/crm.revues.org\/\/index11936.html.<\/p>\n<p style=\"text-align: justify;\">&#8211; L\u00e9onelli M.-Cl., \u00ab\u00a0Les peintures des livr\u00e9es cardinalices d&rsquo;Avignon\u00a0\u00bb, in <em>Monuments Historiques<\/em>, n\u00b0170, 1990, pp. 40-47.<\/p>\n<p style=\"text-align: justify;\">&#8211; L\u00e9onelli M.-Cl., \u00ab\u00a0Le d\u00e9cor de la maison\u00a0\u00bb, in J.-M. Pesez et Y. Esquieu (dir.) <em>Cent maisons m\u00e9di\u00e9vales en France (du XIIe au milieu du XVIe si\u00e8cle). Un corpus, une esquisse<\/em>, Paris, 1998, pp. 127-134.<\/p>\n<p style=\"text-align: justify;\">&#8211; L\u00e9onelli M.-Cl., \u00ab\u00a0Le d\u00e9cor peint de la maison\u00a0\u00bb, in <em>La maison au Moyen \u00c2ge dans le Midi de la France<\/em>. <em>\u00c9tudes r\u00e9unies par la Soci\u00e9t\u00e9 Arch\u00e9ologique du Midi de la France, Actes des journ\u00e9es d\u2019\u00e9tude de Toulouse, H\u00f4tel d\u2019Ass\u00e9zat, 19-20 mai 2001<\/em>, Toulouse, 2002, pp. 265-270.<\/p>\n<p style=\"text-align: justify;\">&#8211; Leroy N., \u00ab\u00a0Exploitation de la for\u00eat et r\u00e9glementations, l&rsquo;exemple de Venasque\u00a0\u00bb in <em>For\u00eats alpines et charpentes de m\u00e9diterran\u00e9e<\/em>, [exposition, Gap, Mus\u00e9e Museum D\u00e9partemental, du 1er octobre 2007-15 mars 2008], dir. par Philippe Bernardi, \u00e9ditions du Fournel, Gap, 2007, pp 56-57.<\/p>\n<p style=\"text-align: justify;\">&#8211; Leroy N., \u00ab\u00a0Commerce du bois et r\u00e9glementation, l&rsquo;exemple des fustiers d&rsquo;Avignon au XIII\u00e8me si\u00e8cle\u00a0\u00bb in <em>For\u00eats alpines et charpentes de m\u00e9diterran\u00e9e<\/em>, [exposition, Gap, Mus\u00e9e Museum D\u00e9partemental, du 1er octobre 2007-15 mars 2008], dir. par Philippe Bernardi, \u00e9ditions du Fournel, Gap, 2007, pp 89-91.<\/p>\n<p style=\"text-align: justify;\">&#8211; Llado, \u00ab\u00a0Un plafond peint au Palais des rois de Majorque\u00a0\u00bb, in <em>Etude Roussillonnaises offertes \u00e0 Pierre Ponish<\/em>, 1987, pp.<\/p>\n<p style=\"text-align: justify;\">&#8211; Loutsh J.-C., \u00ab Les plafonds armori\u00e9s de la ville de Metz \u00bb, in <em>Ordres et distinctions, <\/em>Bulletin de la soci\u00e9t\u00e9 des amis du mus\u00e9e de La L\u00e9gion d&rsquo;Honneur, n\u00b07, 1996, pp.5-11, ill.<\/p>\n<p style=\"text-align: center;\">&#8211; M &#8211;<\/p>\n<p style=\"text-align: justify;\">&#8211; Magrassi Matricardi A. L., <em>Angeli: Le tavolette da soffitto dell&rsquo;antico Ospedale San Matteo di Pavia<\/em>, Sagep Editori, 2022<\/p>\n<p style=\"text-align: justify;\">&#8211; Mairie de Capestang. Le ch\u00e2teau de Capestang : demeure des archev\u00eaques de Narbonne. [s.l.] : [s. n.], [s. d.]. [24 p.] : ill. en coul. ; 34 cm. Guide de visite.<\/p>\n<p style=\"text-align: justify;\">&#8211; Mattern G., \u00ab\u00a0La poutre armori\u00e9e de la \u00ab\u00a0Belle maison\u00a0\u00bb de B\u00e2le\u00a0\u00bb, in <em>Archives H\u00e9raldiques Suisses \u2013 Archivum Heraldicum<\/em>, vol. 92, 1978, p. 3-12<\/p>\n<p style=\"text-align: justify;\">&#8211; Marin A., <em>Le ch\u00e2teau \u00e9piscopal de Capestang (H\u00e9rault), Rapport d\u2019\u00e9tude arch\u00e9ologique<\/em>, Had\u00e8s, 2004, 3 volumes.<\/p>\n<p style=\"text-align: justify;\">&#8211; Marin A., \u00ab Le palais des archev\u00eaques de Narbonne \u00e0 Capestang (H\u00e9rault) \u00bb, in <em>M\u00e9moires de la soci\u00e9t\u00e9 arch\u00e9ologique du midi de la France<\/em>, Tome LXVI, 2006, pp.73-88.<\/p>\n<p style=\"text-align: justify;\">&#8211; Marin A., \u00ab Le plafond de la loggia de la reine au palais des rois de Majorque de Perpignan \u00bb, in <em>Plafonds peints m\u00e9di\u00e9vaux en Languedoc, <\/em>\u00c9tudes r\u00e9unies par M. Bourin et Ph. Bernardi, <em>Actes du colloque de Capestang, Narbonne, Lagrasse, 21-23 f\u00e9vrier 2008<\/em>, Perpignan, PUP, 2009, pp. 115-148.<\/p>\n<p style=\"text-align: justify;\">&#8211; Martel Th. (dir), <em>Palais du Roure. \u00c9tude du plafond peint<\/em>, \u00c9cole d\u2019art d\u2019Avignon, Avignon, 2003, 57 p.<\/p>\n<p style=\"text-align: justify;\">&#8211; Martin J.-M., \u00ab\u00a0Restauration immobili\u00e8re, histoire de l&rsquo;art et fiscalit\u00e9 : un plafond peint du XVe si\u00e8cle d\u00e9couvert \u00e0 Carcassonne\u00a0\u00bb, in <em>Plafonds peints m\u00e9di\u00e9vaux en Languedoc, Actes du colloques de Capestang, Narbonne, Lagrasse, 21-23 f\u00e9vrier 2008<\/em>, \u00e9tudes r\u00e9unies par Monique Bourin et Philippe Bernardi, Presses Universitaires de Perpignan, Perpignan, 2009, pp. 215-232.<\/p>\n<p style=\"text-align: justify;\">&#8211; Martinell C., \u00ab\u00a0L\u2019enteixinat g\u00f2tic de Sant Miquel de Montblanc\u00a0\u00bb, in <em>Vell i Nou, <\/em>Barcelone, n\u00b058, 1 janvier 1918, pp. 3-5.<\/p>\n<p style=\"text-align: justify;\">&#8211; Marubbi M., Mazzoni A., Aglio R.,\u00a0<em>Gli eroi antichi di casa Aratori. Tavolette da soffito del Quattrocento a Caravaggio,\u00a0<\/em>Bolis Edizioni, Azzano San Paolo, 2010.<\/p>\n<p style=\"text-align: justify;\">&#8211; Mayer J., \u00ab\u00a0Une arch\u00e9ologie du second oeuvre, les travaux du Centre de Recherche sur les Monuments Historique\u00a0\u00bb in <em>For\u00eats alpines et charpentes de m\u00e9diterran\u00e9e<\/em>, [exposition, Gap, Mus\u00e9e Museum D\u00e9partemental, du 1er octobre 2007-15 mars 2008], dir. par Philippe Bernardi, \u00e9ditions du Fournel, Gap, 2007, pp 165-170.<\/p>\n<p style=\"text-align: justify;\">&#8211; Mayer J., \u00ab\u00a0Structures des plafonds XIVe-XVe si\u00e8cle dans la France m\u00e9ridionale d&rsquo;apr\u00e8s les relev\u00e9s du Centre de recherche sur les monuments historiques\u00a0\u00bb, in <em>Plafonds peints m\u00e9di\u00e9vaux en Languedoc, Actes du colloques de Capestang, Narbonne, Lagrasse, 21-23 f\u00e9vrier 2008<\/em>, \u00e9tudes r\u00e9unies par Monique Bourin et Philippe Bernardi, Presses Universitaires de Perpignan, Perpignan, 2009, pp. 201-214.<\/p>\n<p style=\"text-align: justify;\">&#8211; Mazi\u00e8re J.-M.., \u00ab\u00a0Le charpentier\u00a0\u00bb in <em>For\u00eats alpines et charpentes de m\u00e9diterran\u00e9e<\/em>, [exposition, Gap, Mus\u00e9e Museum D\u00e9partemental, du 1er octobre 2007-15 mars 2008], dir. par Philippe Bernardi, \u00e9ditions du Fournel, Gap, 2007, pp 121-126.<\/p>\n<p style=\"text-align: justify;\">&#8211; M\u00e9rindol Ch. de, \u00ab\u00a0Nouvelles donn\u00e9es sur Barth\u00e9lemy d&rsquo;Eyck, peintre du roi Ren\u00e9 : les plafonds peints du ch\u00e2teau de Tarascon\u00a0\u00bb, in <em>Soci\u00e9t\u00e9 de l&rsquo;histoire de l&rsquo;art fran\u00e7ais<\/em>, 1983, pp 7-16.<\/p>\n<p style=\"text-align: justify;\">&#8211; M\u00e9rindol Ch. de, \u00ab\u00a0Le d\u00e9cor d&rsquo;une maison de justice \u00e0 l&rsquo;\u00e9poque romane\u00a0: symbolique, art, histoire \u00a0\u00bb, in <em>Histoire de la Justice<\/em>, 1994, pp. 3-21.<\/p>\n<p style=\"text-align: justify;\">&#8211; M\u00e9rindol Ch. de, \u00ab\u00a0Le d\u00e9cor d&rsquo;une salle de justice au XIVe si\u00e8cle\u00a0\u00bb, in <em>Revue de la soci\u00e9t\u00e9 internationale d&rsquo;histoire de la profession d&rsquo;avocat<\/em>, n\u00b07, 1995, pp 75-88.<\/p>\n<p style=\"text-align: justify;\">&#8211; M\u00e9rindol Ch. de, \u00ab\u00a0Les salles de justice et leur d\u00e9cor en France \u00e0 l&rsquo;\u00e9poque m\u00e9di\u00e9vale\u00a0\u00bb, in <em>Histoire de la Justice<\/em>, 1997, pp 5-80.<\/p>\n<p style=\"text-align: justify;\">&#8211; M\u00e9rindol Ch. de, \u00ab\u00a0Murs et plafonds peints \u00e0 la fin de l\u2019\u00e9poque m\u00e9di\u00e9vale. L\u2019\u00e9tat de la question et premi\u00e8re synth\u00e8se\u00a0\u00bb, in J.-M. Pastr\u00e9 (dir.) <em>Ch\u00e2teau et soci\u00e9t\u00e9 castrale au Moyen \u00c2ge, <\/em><em>Actes du colloque des 7-9 mars 1997,<\/em> Rouen, 1998, pp. 79-105.<\/p>\n<p style=\"text-align: justify;\">&#8211; M\u00e9rindol Ch. de, \u00ab\u00a0Recueils d&rsquo;armoiries et d\u00e9cors monumentaux peints \u00e0 la fin de l&rsquo;\u00e9poque m\u00e9di\u00e9vale\u00a0\u00bb, in <em>Cahiers du L\u00e9opard d&rsquo;Or<\/em>, vol. 8, 1998, pp 237-331.<\/p>\n<p style=\"text-align: justify;\">&#8211; M\u00e9rindol Ch. de, \u00ab\u00a0Le royaume de France vers 1450 : le plafond histori\u00e9 et armori\u00e9 d&rsquo;Aigueperse\u00a0\u00bb, in <em>Revue fran\u00e7aise d&rsquo;h\u00e9raldique et de sigillographie<\/em>, t69, 1999, pp 89-100.<\/p>\n<p style=\"text-align: justify;\">&#8211; M\u00e9rindol Ch. de, \u00ab\u00a0Jeux d\u2019enfants et soci\u00e9t\u00e9 \u00e0 la fin de l\u2019\u00e9poque m\u00e9di\u00e9vale d\u2019apr\u00e8s le t\u00e9moignage des plafonds peints\u00a0\u00bb, in <em>A quoi joue-t-on\u00a0? Pratique et usages des jeux et des jouets \u00e0 travers les \u00e2ges<\/em>, Festival d\u2019histoire de Montbrison, 1998, Montbrison, 1999, p. 117-141 et pl. VII-XI.<\/p>\n<p style=\"text-align: justify;\">&#8211; M\u00e9rindol Ch. de, \u00ab\u00a0D\u00e9cor monumental et pouvoir politique, la Diana de Montbrison \u00a0\u00bb, in <em>Bulletin de la Soci\u00e9t\u00e9 nationale des antiquaires de France<\/em>, 1999, pp 108-109.<\/p>\n<p style=\"text-align: justify;\">&#8211; M\u00e9rindol Ch. de, \u00ab\u00a0Les d\u00e9cors monumentaux peints et armori\u00e9s : un t\u00e9moignage sur la soci\u00e9t\u00e9 m\u00e9di\u00e9vale\u00a0\u00bb, in M\u00e9lange Philippe Contamine, 2000, pp. 513-521.<\/p>\n<p style=\"text-align: justify;\">&#8211; M\u00e9rindol Ch. de, <em>La Maison des Chevaliers de Pont-Saint-Esprit<\/em>. Tome 2. \u00ab\u00a0Les d\u00e9cors peints. Corpus des d\u00e9cors monumentaux peints et armori\u00e9s du Moyen-Age en France\u00a0\u00bb. Conseil G\u00e9n\u00e9ral du Gard, N\u00eemes, 2000, 474 p.<\/p>\n<p style=\"text-align: justify;\">&#8211; M\u00e9rindol Ch. de, \u00ab\u00a0Les plafonds peints. Etat de la question et probl\u00e9matique\u00a0\u00bb, in <em>Plafonds peints m\u00e9di\u00e9vaux en Languedoc, Actes du colloques de Capestang, Narbonne, Lagrasse, 21-23 f\u00e9vrier 2008<\/em>, \u00e9tudes r\u00e9unies par Monique Bourin et Philippe Bernardi, Presses Universitaires de Perpignan, Perpignan, 2009, pp. 31-50.<\/p>\n<p style=\"text-align: justify;\">&#8211; M\u00e9rindol Ch. de,\u00a0<em>Images du Royaume de France au Moyen \u00c2ge. D\u00e9cors monumentaux peints et armori\u00e9s. Art et histoire,<\/em>\u00a0Pr\u00e9face de Michel Pastoureau. Ed. Conseil G\u00e9n\u00e9ral du Gard, 2013, 286 pages.<\/p>\n<p style=\"text-align: justify;\">&#8211; Mesuret, \u00ab\u00a0Le d\u00e9cor peint des menuiseries en Languedoc du XIIIe au XVIe si\u00e8cle\u00a0\u00bb, in <em>Bulletin de la Soci\u00e9t\u00e9 de l\u2019Histoire de l\u2019Art fran\u00e7ais<\/em>, 1966.<\/p>\n<p style=\"text-align: justify;\">&#8211; V. Goedert, V. Thomas et P. Thion (dir.), <em>Metz M\u00e9di\u00e9val\u00a0: mises au jour, mise \u00e0 jour, <\/em>[exposition, Metz, Mus\u00e9es de la Cour d&rsquo;or, du 13 d\u00e9cembre 1996 au 31 mars 1997], Mus\u00e9es de la Cour d\u2019Or, Metz, 1996, p.<\/p>\n<p style=\"text-align: justify;\">&#8211; Moench E., \u00ab\u00a0Dalle fantasticherie di Clemente VI ai discorsi di potere dei mercanti. Soffitti in Provenza nel Trecento e nel Quattrocento\u00a0\u00bb, in L. Giordano (dir.), <em>Soffitti lignei. Convegno internazionale di studi<\/em>, Pise, 2005 (<em>Quaderni di Artes\/1<\/em>), pp. 161-176.<\/p>\n<p style=\"text-align: justify;\">&#8211; M\u00f6hlenkamp A., Kuder U. et Albrecht Ch. (dir.),<em> Geschichte in schichten. Wand- und Deckenmalerei im st\u00e4dtischen Wohnbau des Mittelalters und der fr\u00fchen Neuzeit. <\/em><em>Internazionales Symposium 2000 in L\u00fcbeck<\/em>, \u00e9dition, L\u00fcbeck, 2004 (<em>Denkmalpflege in L\u00fcbeck 4<\/em>), p.<\/p>\n<p style=\"text-align: justify;\">&#8211; Monsalud M. de, \u00ab\u00a0Las torres del Salvador y de San Mart\u00edn y techumbre de la catedral de Teruel\u00a0\u00bb, in <em>Bolet\u00edn de la Real Academia de la Historia<\/em>, LII, 1908, pp. 336-339.<\/p>\n<p style=\"text-align: justify;\">&#8211; Mussard S., <em>Plafonds peints du XIIIe si\u00e8cle du mus\u00e9e de Metz\u00a0: un \u00e9nigmatique bestiaire, <\/em>m\u00e9moire de ma\u00eetrise, Histoire de l\u2019Art, Strasbourg II, 1992.<\/p>\n<p style=\"text-align: justify;\">&#8211; Mutelet M., <em>Metz d\u2019Autrefois\u00a0: Metz en un choix iconographique du Moyen \u00c2ge \u00e0 la R\u00e9volution, <\/em>Marius Mutelet \u00e9diteur, Metz, 1965, p<\/p>\n<p style=\"text-align: center;\">&#8211; N &#8211;<\/p>\n<p style=\"text-align: justify;\">&#8211; Napoleone A.-L., \u00ab Les maisons gothiques de Toulouse (XIII-XIV) \u00bb, in <em>Arch\u00e9ologie du Midi m\u00e9di\u00e9val<\/em>, t. 8-9, 1990, pp. 121-141.<\/p>\n<p style=\"text-align: justify;\">&#8211; Naval Mas A., \u00ab\u00a0Las herramientas medievales y la carpinter\u00eda mud\u00e9jar\u00a0\u00bb in<em> Actas del III simposio internacional de mudejarismo<\/em>, CEM, Teruel, 1986, pp. 611-617.<\/p>\n<p style=\"text-align: justify;\">&#8211; Nicolas N., \u00ab\u00a0Abattage et d\u00e9bit\u00a0\u00bb in <em>For\u00eats alpines et charpentes de m\u00e9diterran\u00e9e<\/em>, [exposition, Gap, Mus\u00e9e Museum D\u00e9partemental, du 1er octobre 2007-15 mars 2008], dir. par Philippe Bernardi, \u00e9ditions du Fournel, Gap, 2007, pp 62-68.<\/p>\n<p style=\"text-align: justify;\">&#8211; Nicolas N., \u00ab\u00a0Le commerce du bois du Bochaine\u00a0\u00bb in <em>For\u00eats alpines et charpentes de m\u00e9diterran\u00e9e<\/em>, [exposition, Gap, Mus\u00e9e Museum D\u00e9partemental, du 1er octobre 2007-15 mars 2008], dir. par Philippe Bernardi, \u00e9ditions du Fournel, Gap, 2007, pp 97-105<\/p>\n<p style=\"text-align: justify;\">&#8211; Nougaret J., \u00ab La panne peinte de l\u2019\u00e9glise Saint-Paul de Frontignan (H\u00e9rault) \u00bb, in <em>Les arts picturaux en France m\u00e9ridionale et en Catalogne du XIIIe au XVe si\u00e8cle<\/em>, Actes du 4e colloque d\u2019histoire de l\u2019art m\u00e9ridional au Moyen \u00c2ge, 2 et 3 d\u00e9cembre 1994. \u00c9tudes r\u00e9unies par Myriam Sirventon et Jean Nougaret, Ville de Narbonne, Narbonne, 2003, pp. 53-55.<\/p>\n<p style=\"text-align: justify;\">&#8211; Nougaret J., \u00ab\u00a0Autour de P\u00e9zenas, les plafonds peints de la moyenne vall\u00e9e de l&rsquo;H\u00e9rault. Etat de la question\u00a0\u00bb, in <em>Plafonds peints m\u00e9di\u00e9vaux en Languedoc, Actes du colloques de Capestang, Narbonne, Lagrasse, 21-23 f\u00e9vrier 2008<\/em>, \u00e9tudes r\u00e9unies par Monique Bourin et Philippe Bernardi, Presses Universitaires de Perpignan, Perpignan, 2009, pp. 149-172.<\/p>\n<p style=\"text-align: justify;\">&#8211; Nos A., <em>Tr\u00e9sors secrets du patrimoine de Montagnac (H\u00e9rault) (XIVe-XVIe si\u00e8cles)<\/em>, \u00e9ditions Les Amis de Montagnac, Montagnac, 2004, 63 p.<\/p>\n<p style=\"text-align: center;\">&#8211; P &#8211;<\/p>\n<p style=\"text-align: justify;\">&#8211; Palaia P\u00e9rez L., \u00ab\u00a0Design and construction of timber roof structures, built over different structural systems. Cases studies at the Valencia Community\u00a0\u00bb, in <em>Proceedings of the First International Congress on Construction History<\/em>, Madrid, 2003, pp. 1559-1570.<\/p>\n<p style=\"text-align: justify;\">&#8211; Pano y Ruata M. de, \u00ab\u00a0La techumbre de la Catedral de Teruel\u00a0\u00bb, in <em>Revista de Arag\u00f3n<\/em>, V , 1904, p 53-59, 103-108, 152-157, 214-217, 304-308 et 475-478.<\/p>\n<p style=\"text-align: justify;\">&#8211; Pansier P., <em>Les palais cardinalices d\u2019Avignon aux XIV et XVe si\u00e8cles, Le petit Palais<\/em>, Fascicule III, Avignon, Roumanille, 1931, p<\/p>\n<p style=\"text-align: justify;\">&#8211; Pansier P., <em>Les peintres d\u2019Avignon aux XIV et XVe si\u00e8cles<\/em>, \u00e9dition, Avignon, 1937.<\/p>\n<p style=\"text-align: justify;\">&#8211; Pascal M., \u00ab\u00a0Etude et proposition de restauration d&rsquo;un panneau polychrome du XIII\u00e8me si\u00e8cle\u00a0\u00bb in <em>For\u00eats alpines et charpentes de m\u00e9diterran\u00e9e<\/em>, [exposition, Gap, Mus\u00e9e Museum D\u00e9partemental, du 1er octobre 2007-15 mars 2008], dir. par Philippe Bernardi, \u00e9ditions du Fournel, Gap, 2007, pp 252-255.<\/p>\n<p style=\"text-align: justify;\">&#8211; Pascarel N.,\u00a0\u00ab Le d\u00e9cor civil\u00a0\u00bb, in Trapp (J.) et WAGNER (S.),\u00a0<em>Atlas historique de Metz,\u00a0<\/em>\u00e9ditions des Paraiges, Metz, 2013, p.171-173.<\/p>\n<p style=\"text-align: justify;\">&#8211; Pascarel N.,\u00a0\u00ab\u00a0Les plafonds peints du XIII<sup>e<\/sup> si\u00e8cle \u00e0 d\u00e9cor de bestiaire conserv\u00e9s au Mus\u00e9e de La Cour d\u2019Or\u00a0\u00bb, in\u00a0<em>Le Pays Lorrain<\/em>, n\u00b04, d\u00e9cembre 2012, p.301-308.\u00a0<a href=\"https:\/\/rcppm.org\/blog\/wp-content\/uploads\/2013\/01\/2012_Le-Pays-lorrain-4_Plafonds-peints-article-Pascarel-Nathalie.pdf\" target=\"_blank\" rel=\"noopener noreferrer\"><img loading=\"lazy\" decoding=\"async\" title=\"2012_Le Pays lorrain 4_Plafonds peints article Pascarel Nathalie\" src=\"https:\/\/rcppm.org\/blog\/wp-content\/uploads\/2010\/05\/icone-pdf.jpg\" alt=\"\" width=\"14\" height=\"14\" \/><\/a><\/p>\n<p style=\"text-align: justify;\">&#8211; Pascarel N., \u00ab Un plafond peint du XVe si\u00e8cle, expression des id\u00e9ologies de croisades et de chevalerie \u00bb, in <em>Histoire et Images m\u00e9di\u00e9vales, <\/em>n\u00b042, f\u00e9vrier-mars 2012, pp. 75-83. <a href=\"https:\/\/rcppm.org\/blog\/wp-content\/uploads\/2012\/04\/Nathalie-Pascarel-_Un-plafond-peint-du-XVe-si\u00e8cle-Expression-des-id\u00e9ologies-de-croisade-et-de-chevalerie_-Histoire-et-Images-M\u00e9di\u00e9vales-n\u00b042-janvier-f\u00e9vrier-2011-pp.75-83..pdf\" target=\"_blank\" rel=\"noopener noreferrer\"><img loading=\"lazy\" decoding=\"async\" title=\"Nathalie Pascarel, _Un plafond peint du XVe si\u00e8cle - Expression des id\u00e9ologies de croisade et de chevalerie_, Histoire et Images M\u00e9di\u00e9vales n\u00b042, janvier-f\u00e9vrier 2011, pp.75-83.\" src=\"https:\/\/rcppm.org\/blog\/wp-content\/uploads\/2010\/05\/icone-pdf.jpg\" alt=\"\" width=\"14\" height=\"14\" \/><\/a><\/p>\n<p style=\"text-align: justify;\">&#8211; Pascarel N., <em>Un d\u00e9cor civil exceptionnel de la premi\u00e8re moiti\u00e9 du XVe si\u00e8cle d\u00e9couvert \u00e0 Metz en 1964 : le plafond peint de la maison n\u00b012-14 rue du Change conserv\u00e9 au mus\u00e9e de La Cour d&rsquo;Or, <\/em>m\u00e9moire de master d&rsquo;Histoire de l&rsquo;Art et de l&rsquo;Architecture, dir. par Philippe Lorentz, Universit\u00e9 de Strasbourg, 2011. <a href=\"https:\/\/rcppm.org\/blog\/wp-content\/uploads\/2012\/04\/Vol.-1.pdf\" target=\"_blank\" rel=\"noopener noreferrer\"><img loading=\"lazy\" decoding=\"async\" title=\"Pascarel Nathalie, Un d\u00e9cor civil exceptionnel de la premi\u00e8re moiti\u00e9 du XVe si\u00e8cle d\u00e9couvert \u00e0 Metz en 1964 : le plafond peint de la maison n\u00b012-14 rue du Change conserv\u00e9 au mus\u00e9e de La Cour d'Or, Volume 1\/2\" src=\"https:\/\/rcppm.org\/blog\/wp-content\/uploads\/2010\/05\/icone-pdf.jpg\" alt=\"\" width=\"14\" height=\"14\" \/><\/a> <a href=\"https:\/\/rcppm.org\/blog\/wp-content\/uploads\/2012\/04\/Vol.-2-r\u00e9duit_Partie1.pdf\" target=\"_blank\" rel=\"noopener noreferrer\"><img loading=\"lazy\" decoding=\"async\" title=\"Pascarel Nathalie, Un d\u00e9cor civil exceptionnel de la premi\u00e8re moiti\u00e9 du XVe si\u00e8cle d\u00e9couvert \u00e0 Metz en 1964 : le plafond peint de la maison n\u00b012-14 rue du Change conserv\u00e9 au mus\u00e9e de La Cour d\u2019Or, Volume 2\/2 Partie1\" src=\"https:\/\/rcppm.org\/blog\/wp-content\/uploads\/2010\/05\/icone-pdf.jpg\" alt=\"\" width=\"14\" height=\"14\" \/><\/a> <a href=\"https:\/\/rcppm.org\/blog\/wp-content\/uploads\/2012\/04\/Vol.-2-r\u00e9duit_Partie2.pdf\" target=\"_blank\" rel=\"noopener noreferrer\"><img loading=\"lazy\" decoding=\"async\" title=\"Pascarel Nathalie, Un d\u00e9cor civil exceptionnel de la premi\u00e8re moiti\u00e9 du XVe si\u00e8cle d\u00e9couvert \u00e0 Metz en 1964 : le plafond peint de la maison n\u00b012-14 rue du Change conserv\u00e9 au mus\u00e9e de La Cour d\u2019Or, Volume 2\/2 Partie2\" src=\"https:\/\/rcppm.org\/blog\/wp-content\/uploads\/2010\/05\/icone-pdf.jpg\" alt=\"\" width=\"14\" height=\"14\" \/><\/a><\/p>\n<p style=\"text-align: justify;\">&#8211; Pascarel N., \u00ab Le d\u00e9cor m\u00e9di\u00e9val: de la symbolique religieuse aux marques du pouvoir \u00bb, in ADRIAN (A.), <em>et alii, <\/em><em>Metz La Cour d&rsquo;Or &#8211; Visages d&rsquo;un mus\u00e9e, <\/em>\u00e9ditions du Ch\u00eane, Paris, 2011, pp. 72-85.<\/p>\n<p style=\"text-align: justify;\">&#8211; Pastoureau M., \u00ab\u00a0Couleurs, d\u00e9cors, embl\u00e8mes\u00a0\u00bb in <em>Mat\u00e9riaux pour l&rsquo;histoire des cadres de vie dans l&rsquo;Europe Occidentale (105-1250)<\/em>, Universit\u00e9 de Nice, 1984, pp. 103-108.<\/p>\n<p>&#8211; Perez-Simon M., \u00ab Rapporto testo-immagine : le tavolette da soffitto di Viadana nel contesto letterario medievale franco-italiano\u00a0\u00bb,\u00a0<em>Vitelliana <\/em>XVI, 2021, p. 39-68.<\/p>\n<p>&#8211; Perez-Simon M., \u00ab Spatialisation des mots et des images sur les plafonds peints du Moyen \u00c2ge \u00bb, <em>La part de l&rsquo;\u0152il<\/em>, n\u00b0 37, <em>Suspendre le temps, continuer l\u2019espace. La division lessingienne \u00e0 l\u2019\u00e9preuve des arts<\/em>, 2023, p. 148-171.<\/p>\n<p style=\"text-align: justify;\">&#8211; Perrot F., Taupin J.-L. et Enaud F., \u00ab\u00a0Le roi Ren\u00e9 \u00e0 Avignon\u00a0\u00bb, in <em>Archeologia<\/em>, n\u00b073, 1974, pp. 21-38.<\/p>\n<p style=\"text-align: justify;\">&#8211; Peyron J., Saint-Jean R., \u00ab\u00a0Un plafond peint de style mud\u00e9jar d\u00e9couvert \u00e0 Montpellier\u00a0\u00bb, in <em>XLII<\/em><sup><em>e<\/em><\/sup><em> Congr\u00e8s de la F\u00e9d\u00e9ration Historique du Languedoc M\u00e9diterran\u00e9en et du Roussillon<\/em>, Perpignan, 1969, Montpellier, 1970.<\/p>\n<p style=\"text-align: justify;\">&#8211; Peyron J., \u00ab\u00a0Des peintures m\u00e9di\u00e9vales ont \u00e9t\u00e9 sauv\u00e9es de la d\u00e9charge, \u00e0 Roquemaure\u00a0\u00bb, in <em>Les Cahiers du Gard Rhodanien<\/em>, n\u00b06, 1977, pp. 130-134.<\/p>\n<p style=\"text-align: justify;\">&#8211; Peyron J., <em>Les plafonds peints gothiques en Languedoc<\/em>, Th\u00e8se de 3<sup>e<\/sup> cycle de l\u2019Universit\u00e9 Paul Val\u00e9ry, Montpellier, 1977, 3 vol.<\/p>\n<p style=\"text-align: justify;\">&#8211; Peyron J. et Robert A., \u00ab\u00a0Les plafonds peints m\u00e9di\u00e9vaux de la r\u00e9gion de P\u00e9zenas\u00a0\u00bb<em>, <\/em>in <em>\u00c9tudes sur P\u00e9zenas et sa R\u00e9gion<\/em>, t. IX, n\u00b01, 1978, pp. 3-13.<\/p>\n<p style=\"text-align: justify;\">&#8211; Peyron J., Robert A., \u00ab\u00a0Les Plafonds peints m\u00e9di\u00e9vaux de la r\u00e9gion de P\u00e9zenas\u00a0\u00bb, in <em>Etudes sur P\u00e9zenas et l&rsquo;H\u00e9rault, <\/em>IX, n\u00b0 1, 1978, pp. 3-5.<\/p>\n<p style=\"text-align: justify;\">&#8211; Peyron J., \u00ab\u00a0Plafond peint de Pomas (Aude)\u00a0\u00bb, in <em>Menestral<\/em>, n\u00b019, oct.-nov. 1978, pp. 7-11.<\/p>\n<p style=\"text-align: justify;\">&#8211; Peyron J., \u00ab\u00a0A l&rsquo;aube de la Renaissance : le plafond peint de Pomas (Aude)\u00a0\u00bb, in <em>Menestral,<\/em> <em>l&rsquo;art des pays d&rsquo;oc<\/em>, n\u00b0 19, 1978, pp. 7-11.<\/p>\n<p style=\"text-align: justify;\">&#8211; Peyron J., \u00ab\u00a0Deux charpentes m\u00e9di\u00e9vales de Pont-Saint-Esprit\u00a0\u00bb, in <em>Cahiers du Gard Rhodanien<\/em>, fasc. 15, 1979, pp. 276-293.<\/p>\n<p style=\"text-align: justify;\">&#8211; Peyron J., \u00ab La charpente peinte de la maison des Chevaliers de Pont-Saint-Esprit \u00bb, <em>Bulletin Antique de N\u00eemes<\/em>, nouvelle s\u00e9rie, n\u00b014, 1979, pp. 131-159.<\/p>\n<p style=\"text-align: justify;\">&#8211; Peyron J., \u00ab\u00a0Les plafonds peints gothiques d&rsquo;Albi\u00a0\u00bb, in <em>Menestral, l&rsquo;art des pays d&rsquo;oc<\/em>, n\u00b020-21-22, 1979.<\/p>\n<p style=\"text-align: justify;\">&#8211; Peyron J., \u00ab\u00a0Les blasons du ch\u00e2teau de Pomas (Aude) \u00bb, in <em>Archivum Heraldicum<\/em>, 1980.<a href=\"http:\/\/rcppm.org\/download\/biblio\/Peyron_blason-du-chateau-de-Pomas.pdf\" target=\"_blank\" rel=\"noopener noreferrer\"><img loading=\"lazy\" decoding=\"async\" title=\"Peyron J., \u00ab Les blasons du ch\u00e2teau de Pomas (Aude) \u00bb\" src=\"https:\/\/rcppm.org\/blog\/wp-content\/uploads\/2010\/05\/icone-pdf.jpg\" alt=\"\" width=\"14\" height=\"14\" \/><\/a><\/p>\n<p style=\"text-align: justify;\">&#8211; Peyron J., \u00ab\u00a0Une salle armori\u00e9e \u00e0 B\u00e9ziers (H\u00e9rault)\u00a0\u00bb, in <em>Cahiers d&rsquo;H\u00e9raldique<\/em>, n\u00b0IV, 1983 pp. 131-135.<\/p>\n<p style=\"text-align: justify;\">&#8211; Peyron J., Robert A., <em>Les plafonds peints gothiques d\u2019Albi, <\/em>Presses Midi Pyr\u00e9n\u00e9es, Albi, 1984, 48 p.<\/p>\n<p style=\"text-align: justify;\">&#8211; Peyron J., Robert A., \u00ab\u00a0Fragments de plafonds peint du XIV<sup>e<\/sup> si\u00e8cle au Puy, Haute Loire\u00a0\u00bb, in <em>Arch\u00e9ologie du midi m\u00e9di\u00e9val<\/em>, t. IV, 1986, pp. 75-81.<a href=\"http:\/\/rcppm.org\/download\/biblio\/Peyron-Robert_Puy-fragments.pdf\" target=\"_blank\" rel=\"noopener noreferrer\"><img loading=\"lazy\" decoding=\"async\" title=\"- Peyron J., Robert A., \u00ab Fragments de plafonds peint du XIVe si\u00e8cle au Puy, Haute Loire \u00bb\" src=\"https:\/\/rcppm.org\/blog\/wp-content\/uploads\/2010\/05\/icone-pdf.jpg\" alt=\"\" width=\"14\" height=\"14\" \/><\/a><\/p>\n<p style=\"text-align: justify;\">&#8211; Peyron J., \u00ab Floril\u00e8ge des charpentes d\u00e9cor\u00e9es en Languedoc \u00bb, in <em>L\u2019architecture m\u00e9diterran\u00e9enne<\/em>, n\u00b029, 1986, pp.74-76.<\/p>\n<p style=\"text-align: justify;\">&#8211; Peyron J., \u00ab\u00a0Deux charpentes peintes d\u00e9cor\u00e9es de B\u00e9ziers\u00a0\u00bb, in <em>Soci\u00e9t\u00e9 Arch\u00e9ologique, Scientifique et Litt\u00e9raire de B\u00e9ziers<\/em>, Septi\u00e8me s\u00e9rie, volume 1, 1989-1990, pp. 19-29.<a href=\"http:\/\/rcppm.org\/download\/biblio\/Peyron_beziers-2-charpentes-peintes.pdf\" target=\"_blank\" rel=\"noopener noreferrer\"><img loading=\"lazy\" decoding=\"async\" title=\"- Peyron J., \u00ab Deux charpentes peintes d\u00e9cor\u00e9es de B\u00e9ziers \u00bb\" src=\"https:\/\/rcppm.org\/blog\/wp-content\/uploads\/2010\/05\/icone-pdf.jpg\" alt=\"\" width=\"14\" height=\"14\" \/><\/a><\/p>\n<p style=\"text-align: justify;\">&#8211; Peyron J., <em>La salle armori\u00e9e moderne. Du XIVe si\u00e8cle \u00e0 la R\u00e9volution<\/em>, Presses Midi Pyr\u00e9n\u00e9es, Albi, 1990, 183 p.<\/p>\n<p style=\"text-align: justify;\">&#8211; Peyron J., \u00ab\u00a0Un aspect de l\u2019art roman tardif languedocien\u00a0: le d\u00e9cor des charpentes\u00a0\u00bb, in <em>Revue <\/em><em>d\u2019Auvergne<\/em>, Colloque <em>Les peintures murales romanes, <\/em><em>25 octobre <\/em><em>1991<\/em>, Issoire, 1992, t. 106, n\u00b03, pp. 265-289.<\/p>\n<p style=\"text-align: justify;\">&#8211; Peyron J., \u00ab\u00a0Un aspect de l&rsquo;art roman tardif languedocien : le d\u00e9cor des charpentees\u00a0\u00bb, in <em>Revue d&rsquo;Auvergne<\/em>, Colloque <em>Peintures murales romanes, 25 octobre 1991, <\/em>Issoire, 1992, pp. 77-101.<\/p>\n<p style=\"text-align: justify;\">&#8211; Peyron J., <em>Charpentes d\u00e9cor\u00e9es en Languedoc. \u00c9volution de la technique des charpentes, <\/em>1995. texte pour le guide du patrimoine Hachette.<\/p>\n<p style=\"text-align: justify;\">&#8211; Pierron J.-M., <em>Etude de la salle \u00e0 d\u00e9cor m\u00e9di\u00e9val de l\u2019immeuble 12 rue des Clercs \u00e0 Metz, <\/em>\u00e9tude in\u00e9dite, ville-commande, [s.d.], 11 p.<\/p>\n<p style=\"text-align: justify;\">&#8211; Pierron J.-M., <em>Le plafond \u00e0 d\u00e9cor h\u00e9raldique de l\u2019immeuble 12 rue des Clercs \u00e0 Metz, <\/em>\u00e9tude in\u00e9dite, ville-commande, 14 novembre 1984, 6 p.<\/p>\n<p style=\"text-align: justify;\">&#8211; <em>Plafonds peints m\u00e9di\u00e9vaux en Languedoc<\/em>, 2009. \u00c9tudes r\u00e9unies par Monique Bourin et Philippe Bernardi, Actes du colloque de Capestang, Narbonne, Lagrasse, 21-23 f\u00e9vrier 2008, Presses universitaires de Perpignan, Perpignan, 2009, 249 p.<\/p>\n<p>&#8211; Polo C., <em>Les r\u00e9sidences aristocratiques dans le Comtat Venaissin (XIVe-XVe si\u00e8cle)<\/em>, th\u00e8se de doctorat en histoire m\u00e9di\u00e9vale, sous la direction de Guido Castelnuovo, Universit\u00e9 d&rsquo;Avignon, 2021, 2 vol. [<a href=\"http:\/\/www.theses.fr\/2021AVIG1208\">En ligne<\/a>]<\/p>\n<p style=\"text-align: justify;\">&#8211; Ponel Ph., \u00ab\u00a0Les insectes subfossiles des lacs et des tourbi\u00e8res, des indicateurs originaux et m\u00e9connus pour reconstuire le pass\u00e9 des for\u00eats alpines\u00a0\u00bb in <em>For\u00eats alpines et charpentes de m\u00e9diterran\u00e9e<\/em>, [exposition, Gap, Mus\u00e9e Museum D\u00e9partemental, du 1er octobre 2007-15 mars 2008], dir. par Philippe Bernardi, \u00e9ditions du Fournel, Gap, 2007, pp 22-26.<\/p>\n<p style=\"text-align: justify;\">&#8211; Pressouyre S., \u00ab\u00a0Le ch\u00e2teau de Tarascon\u00a0\u00bb, in <em>Congr\u00e8s Arch\u00e9ologique de France<\/em>, 1963, pp. 221-245.<\/p>\n<p>&#8211; Puchal G., \u00ab\u00a0<em>Un espejo social.\u00a0<\/em><em>Representaciones de la vida dom\u00e9stica en los techos pintados medievales <\/em>\u00bb<em>,<\/em> in Garc\u00eda Marsilla J. V., <span class=\"citation_title\"><em>Espacios de vida. Casa, hogar y cultura material en la Europa Medieval,<\/em>\u00a0<\/span>Valencia : Universitat de Val\u00e8ncia, 2022, p. 95-110.<\/p>\n<p>&#8211; Puchal G. et <span class=\"familyName\">Ortiz M.<\/span>,\u00a0<span dir=\"ltr\">\u00ab\u00a0Les technologies de restitution 3D au service de la connaissance des plafonds peints m\u00e9di\u00e9vaux\u00a0\u00bb<\/span>,\u00a0<em>Patrimoines du Sud<\/em>\u00a0[<a href=\"http:\/\/journals.openedition.org\/pds\/4518\">En ligne<\/a>], 12 | 2020. <a href=\"https:\/\/journals.openedition.org\/pds\/4518\"><img loading=\"lazy\" decoding=\"async\" class=\"wp-image-665 alignnone\" src=\"https:\/\/rcppm.org\/blog\/wp-content\/uploads\/2010\/05\/icone-pdf.jpg\" alt=\"\" width=\"20\" height=\"20\" \/><\/a><\/p>\n<p style=\"text-align: justify;\">&#8211; Puhl-Demange M., <em>Mus\u00e9es de Metz, un fabuleux plafond gothique,<\/em> \u00e9dition, ville, date 12 p.<\/p>\n<p style=\"text-align: center;\">&#8211; R &#8211;<\/p>\n<p style=\"text-align: justify;\">&#8211; Reboul M., \u00ab\u00a0Exemple de l&rsquo;art d\u00e9coratif m\u00e9di\u00e9val : les plafonds peints de Beaucaire\u00a0\u00bb, in <em>Bulletin de la Soci\u00e9t\u00e9 de l\u2019Histoire et d&rsquo;arch\u00e9ologie de Beaucaire<\/em>, t. 111, 1992, pp. 15-21.<\/p>\n<p style=\"text-align: justify;\">&#8211; Regond A., \u00ab Le d\u00e9cor peint dans les demeures en Auvergne du XIIe au XVIe si\u00e8cle \u00bb in\u00a0<em>Le d\u00e9cor peint dans la demeure au Moyen Age,<\/em> Actes des journ\u00e9es d&rsquo;\u00e9tudes des 15 et 16 novembre 2007 aux Archives d\u00e9partementales de Maine-et-Loire, publication en ligne, 2008.<a href=\"https:\/\/rcppm.org\/blog\/wp-content\/uploads\/2012\/04\/Annie-Regond-Le-d\u00e9cor-peint-dans-les-demeures-en-Auvergne-du-XIIe-au-XVIe-si\u00e8cle.pdf\"><img loading=\"lazy\" decoding=\"async\" title=\"Le d\u00e9cor peint dans les demeures en Auvergne du XIIe au XVIe si\u00e8cle \" src=\"https:\/\/rcppm.org\/blog\/wp-content\/uploads\/2010\/05\/icone-pdf.jpg\" alt=\"\" width=\"14\" height=\"14\" \/><\/a><\/p>\n<p style=\"text-align: justify;\">&#8211; Renaud B. et S\u00e9raphin G., \u00ab\u00a0La charpente peinte d\u2019une demeure du XIII<sup>e<\/sup> si\u00e8cle \u00e0 Riom\u00a0\u00bb, in <em>Bulletin Monumental<\/em>, n\u00b0157, 1999, pp. 210-216.<\/p>\n<p style=\"text-align: justify;\">&#8211; Revoil H., \u00ab\u00a0Rapport sur une peinture du ch\u00e2teau de Capestang (H\u00e9rault)\u00a0\u00bb, in <em>Revue des Soci\u00e9t\u00e9s Savantes des D\u00e9partements<\/em>, 3e s\u00e9rie, T. IV, 1864, pp. 374-376.<\/p>\n<p style=\"text-align: justify;\">&#8211; Rivi\u00e8re J.-C., \u00ab Les bois peints de Sainte-Marie d&rsquo;Aragon : t\u00e9moins inattendus des \u00e9changes entre Espagne et Languedoc au XIVe si\u00e8cle \u00bb, in <em>Arch\u00e9ologie en Languedoc<\/em>, 2003, n\u00b0 27, pp. 125-138.<a href=\"http:\/\/rcppm.org\/download\/biblio\/Riviere_Aragon-temoins-inattendus.pdf\" target=\"_blank\" rel=\"noopener noreferrer\"><img loading=\"lazy\" decoding=\"async\" title=\"Rivi\u00e8re J.-C., \u00ab Les bois peints de Sainte-Marie d'Aragon : t\u00e9moins inattendus des \u00e9changes entre Espagne et Languedoc au XIVe si\u00e8cle \u00bb\" src=\"https:\/\/rcppm.org\/blog\/wp-content\/uploads\/2010\/05\/icone-pdf.jpg\" alt=\"\" width=\"14\" height=\"14\" \/><\/a><\/p>\n<p style=\"text-align: justify;\">&#8211; Rivi\u00e8re J.-C., \u00ab Les engoulants de la charpente d\u00e9cor\u00e9e de Sainte-Marie d\u2019Aragon (Aude) &#8211; XIVe s. \u00bb, in <em>Arch\u00e9ologie en Languedoc<\/em> , in <em>Arch\u00e9ologie en Languedoc<\/em>, 2006, n\u00b0 30, pp. 311-314.<a href=\"http:\/\/rcppm.org\/download\/biblio\/Riviere_Aragon-engoulants.pdf\" target=\"_blank\" rel=\"noopener noreferrer\"><img loading=\"lazy\" decoding=\"async\" title=\"Rivi\u00e8re J.-C., \u00ab Les engoulants de la charpente d\u00e9cor\u00e9e de Sainte-Marie d\u2019Aragon (Aude) - XIVe s. \u00bb\" src=\"https:\/\/rcppm.org\/blog\/wp-content\/uploads\/2010\/05\/icone-pdf.jpg\" alt=\"\" width=\"14\" height=\"14\" \/><\/a><\/p>\n<p style=\"text-align: justify;\">&#8211; Robert-Peyron A., \u00ab\u00a0Les jardins sur les plafonds peints gothiques languedociens\u00a0\u00bb, in <em>Jardins et vergers en Europe occidentale, Flaran<\/em>, n\u00b09, 1987, pp. 245-250.<\/p>\n<p style=\"text-align: justify;\">&#8211; Rossi M., \u00ab\u00a0I soffitti decorati di palazzo dei Pio a Carpi\u00a0\u00bb, in L. Giordano (dir.), <em>Soffitti lignei. <\/em><em>Convegno internazionale di studi<\/em>, \u00e9ditions, Pise, 2005 (<em>Quaderni di Artes\/1<\/em>), pp. 59-76.<\/p>\n<p lang=\"it-IT\" style=\"text-align: center;\">&#8211; S &#8211;<\/p>\n<p style=\"text-align: justify;\">&#8211; Sary M., Legay C., <em>La Cour d\u2019Or : Tr\u00e9sors du Mus\u00e9e de Metz, <\/em>\u00e9ditions Serpenoise, Metz, 1988, 128 p.<\/p>\n<p style=\"text-align: justify;\">&#8211; Satolli A., \u00ab\u00a0Soffitti lignei a Orvieto tra Rinascimento e Manierismo\u00a0\u00bb, in L. Giordano (dir.), <em>Soffitti lignei. Convegno internazionale di studi<\/em>, Pise, 2005 (<em>Quaderni di Artes\/1<\/em>), pp. 89-110.<\/p>\n<p style=\"text-align: justify;\">&#8211; Sauze E., \u00ab\u00a0Pour une typologie des planchers, le t\u00e9moignage de la Haute-Provence\u00a0\u00bb in <em>For\u00eats alpines et charpentes de m\u00e9diterran\u00e9e<\/em>, [exposition, Gap, Mus\u00e9e Museum D\u00e9partemental, du 1er octobre 2007-15 mars 2008], dir. par Philippe Bernardi, \u00e9ditions du Fournel, Gap, 2007, pp 171-173.<\/p>\n<p style=\"text-align: justify;\">&#8211; Sauze E., \u00ab\u00a0Le plafond \u00e0 entrevous en gypserie de Riez\u00a0\u00bb in <em>For\u00eats alpines et charpentes de m\u00e9diterran\u00e9e<\/em>, [exposition, Gap, Mus\u00e9e Museum D\u00e9partemental, du 1er octobre 2007-15 mars 2008], dir. par Philippe Bernardi, \u00e9ditions du Fournel, Gap, 2007, pp 244-245.<\/p>\n<p style=\"text-align: justify;\">&#8211; Schmitz W., \u00ab\u00a0Die bemalten romanischen Holzdecken im Museum zu Metz\u00a0\u00bb, in <em>Zeitschrift f\u00fcr christliche Kunst<\/em>, Tome X, 1897, pp.70-85.<\/p>\n<p style=\"text-align: justify;\">&#8211; Segre V., \u00ab <i>Illustrazioni cavalleresche fra manoscritti e carte dipinte nella Lombardia del Tre e Quattrocentoin Iz\u00a0\u00bb, <\/i>zo A., Molteni I.,\u00a0<em>Narrazioni et strategie dell&rsquo;illustrazione. Codici e romanzi cavallereschi nell&rsquo;Italia del Nord (secc.XIV-XVI)<\/em>, Viella,\u00a02014,\u00a0pp.35-45. \u00a0 \u00a0 \u00a0 \u00a0<a href=\"https:\/\/rcppm.org\/blog\/wp-content\/uploads\/2016\/08\/Narrazioni-e-strategie-Segre.pdf\" target=\"_blank\" rel=\"noopener noreferrer\"><img loading=\"lazy\" decoding=\"async\" class=\"alignnone\" src=\"https:\/\/rcppm.org\/blog\/wp-content\/uploads\/2010\/05\/icone-pdf.jpg\" alt=\"\" width=\"14\" height=\"14\" \/><\/a>\u00a0<a href=\"https:\/\/rcppm.org\/blog\/wp-content\/uploads\/2016\/08\/Narrazione-e-strategie_tavole.pdf\" target=\"_blank\" rel=\"noopener noreferrer\"><img loading=\"lazy\" decoding=\"async\" class=\"alignnone\" src=\"https:\/\/rcppm.org\/blog\/wp-content\/uploads\/2010\/05\/icone-pdf.jpg\" alt=\"\" width=\"14\" height=\"14\" \/><\/a><\/p>\n<p style=\"text-align: justify;\">&#8211; Segre V., \u00ab\u00a0<em>Il soffito della Cervia. Ricerche riguardo alla committenza<\/em><em>\u00a0\u00bb,\u00a0<\/em>in\u00a0<em>Archivio Storico Ticinese\u00a0<\/em>(AST), 156, 2014, pp. 22-33. \u00a0 \u00a0 \u00a0 \u00a0 \u00a0 \u00a0 \u00a0 \u00a0 \u00a0 \u00a0 \u00a0 \u00a0 \u00a0 \u00a0 \u00a0 \u00a0 \u00a0 \u00a0 \u00a0 \u00a0 \u00a0 \u00a0 \u00a0 \u00a0 \u00a0 \u00a0 \u00a0 \u00a0 \u00a0 \u00a0 \u00a0 \u00a0 \u00a0<a href=\"https:\/\/rcppm.org\/blog\/wp-content\/uploads\/2016\/08\/AST156_03_Segre-committenza_LowRes.pdf\" target=\"_blank\" rel=\"noopener noreferrer\"><img loading=\"lazy\" decoding=\"async\" class=\"alignnone\" src=\"https:\/\/rcppm.org\/blog\/wp-content\/uploads\/2010\/05\/icone-pdf.jpg\" alt=\"\" width=\"14\" height=\"14\" \/><\/a><\/p>\n<p style=\"text-align: justify;\">&#8211; Segre V., \u00ab <em>Il soffito della Cervia di Bellinzona<\/em> : i<em>nterpretazione iconographica<\/em>\u00a0\u00bb, in\u00a0<em>Zeitschrift f\u00fcr schweizerische Arch\u00e4ologie und Kunstgeschichte<\/em>\u00a0(ZAK), Band 73, Heft 1+2\/2016, pp. 125-144. \u00a0 \u00a0 \u00a0 \u00a0 \u00a0 \u00a0 \u00a0 \u00a0 \u00a0 \u00a0 \u00a0 \u00a0 \u00a0 \u00a0 \u00a0 \u00a0 \u00a0 \u00a0 \u00a0 \u00a0 \u00a0 \u00a0 \u00a0 \u00a0 \u00a0 \u00a0 \u00a0 \u00a0 \u00a0 \u00a0 \u00a0 \u00a0 \u00a0 \u00a0 \u00a0 \u00a0 \u00a0 \u00a0 \u00a0 \u00a0 \u00a0 \u00a0 \u00a0 \u00a0 \u00a0 \u00a0 \u00a0 \u00a0 \u00a0 \u00a0 \u00a0<a href=\"https:\/\/rcppm.org\/blog\/wp-content\/uploads\/2016\/08\/125_144_SegreZAK.pdf\" target=\"_blank\" rel=\"noopener noreferrer\"><img loading=\"lazy\" decoding=\"async\" class=\"alignnone\" src=\"https:\/\/rcppm.org\/blog\/wp-content\/uploads\/2010\/05\/icone-pdf.jpg\" alt=\"\" width=\"15\" height=\"15\" \/><\/a><\/p>\n<p style=\"text-align: justify;\">&#8211; Segre V., \u00ab\u00a0<em>Carnevale, giochi e transgressione nei soffiti dipinti tardo-medievali, da Bellinzona a Carcassonne\u00a0\u00bb,\u00a0<\/em>in\u00a0<em>Archivio Storico Ticinese\u00a0<\/em>(AST), 159, 2016, pp. 4-33. \u00a0 <a href=\"https:\/\/rcppm.org\/blog\/wp-content\/uploads\/2016\/08\/AST_159_01_Segre.pdf\" target=\"_blank\" rel=\"noopener noreferrer\"><img loading=\"lazy\" decoding=\"async\" class=\"alignnone\" src=\"https:\/\/rcppm.org\/blog\/wp-content\/uploads\/2010\/05\/icone-pdf.jpg\" alt=\"\" width=\"14\" height=\"14\" \/><\/a><\/p>\n<p>&#8211; Seiller M., \u00ab\u00a0L&rsquo;architecture en pan-de-bois\u00a0\u00bb in <em>For\u00eats alpines et charpentes de m\u00e9diterran\u00e9e<\/em>, [exposition, Gap, Mus\u00e9e Museum D\u00e9partemental, du 1er octobre 2007-15 mars 2008], dir. par Philippe Bernardi, \u00e9ditions du Fournel, Gap, 2007, pp 146-151.<\/p>\n<p style=\"text-align: justify;\">&#8211; Sirot E. et Clavier A., <em>Le d\u00e9cor peint dans la maison noble et forte au Moyen \u00c2ge en territoire savoyard du XIIe au XVIe si\u00e8cle<\/em>, Journ\u00e9e d&rsquo;\u00e9tude \u00ab\u00a0Le d\u00e9cor peint dans la demeure au Moyen \u00c2ge, coll\u00e9giale Saint-Martin, 15 et 16\u00a0 novembre 2007.<\/p>\n<p style=\"text-align: justify;\">&#8211; Sournia B. et Vayssettes J.-L., \u00ab Restitution de la demeure m\u00e9di\u00e9vale montpelli\u00e9raine \u00bb, in <em>Arch\u00e9ologie du midi m\u00e9di\u00e9val<\/em>, t.V, 1987, pp. 143-152.<\/p>\n<p style=\"text-align: justify;\">&#8211; Sournia B. et Vayssettes J.-L., <em>Montpellier. <\/em><em>La demeure m\u00e9di\u00e9vale<\/em>, Inventaire G\u00e9n\u00e9ral, Imprimerie Nationale, 1991, 252 p.<\/p>\n<p style=\"text-align: justify;\">&#8211; Sournia B. et Vayssettes J.-L., \u00ab La Grand-chambre de l\u2019<em>Hostal<\/em> des Carcassonne \u00e0 Montpellier \u00bb, in <em>Bulletin monumental<\/em>, n\u00b0160-I, 2002, pp. 121-131.<\/p>\n<p style=\"text-align: justify;\">&#8211; Sournia B. et Vayssettes J.-L., \u00ab\u00a0Le plafond de l&rsquo;Hostal des Carcassonne \u00e0 Montpellier\u00a0\u00bb in <em>For\u00eats alpines et charpentes de m\u00e9diterran\u00e9e<\/em>, [exposition, Gap, Mus\u00e9e Museum D\u00e9partemental, du 1er octobre 2007-15 mars 2008], dir. par Philippe Bernardi, \u00e9ditions du Fournel, Gap, 2007, pp 174-178.<\/p>\n<p style=\"text-align: justify;\">&#8211; Sournia B. et Vayssettes J.-L., \u00ab\u00a0Trois plafonds montpellierains du Moyen \u00c2ge\u00a0\u00bb, in <em>Plafonds peints m\u00e9di\u00e9vaux en Languedoc, Actes du colloques de Capestang, Narbonne, Lagrasse, 21-23 f\u00e9vrier 2008<\/em>, \u00e9tudes r\u00e9unies par Monique Bourin et Philippe Bernardi, Presses Universitaires de Perpignan, Perpignan, 2009, pp. 149-172.<\/p>\n<p style=\"text-align: justify;\">&#8211; \u0160perling I., \u00ab\u00a0Malowan\u00e9 d\u0159ev\u0115n\u00e9 stropy v Praze\u00a0\u00bb, in <em>Um\u0115ni<\/em>, XVI, 1968, pp. 502-515.<\/p>\n<p style=\"text-align: justify;\">&#8211; Sylvestre B., \u00ab\u00a0Un exemple de r\u00e9emploi de charpente : la chapelle de la Commanderie Saint-Antoine \u00e0 Avignon (XIII\u00e8me-XVIII\u00e8me si\u00e8cles)\u00a0\u00bb in <em>For\u00eats alpines et charpentes de m\u00e9diterran\u00e9e<\/em>, [exposition, Gap, Mus\u00e9e Museum D\u00e9partemental, du 1er octobre 2007-15 mars 2008], dir. par Philippe Bernardi, \u00e9ditions du Fournel, Gap, 2007, pp 106-108.<\/p>\n<p lang=\"it-IT\" style=\"text-align: center;\">&#8211; T &#8211;<\/p>\n<p style=\"text-align: justify;\">&#8211; Talon B., \u00ab\u00a0La limite sup\u00e9rieure de la for\u00eat au cours des derniers mill\u00e9naires, l&rsquo;enseignement des charbons de bois conserv\u00e9s dans les sols\u00a0\u00bb in <em>For\u00eats alpines et charpentes de m\u00e9diterran\u00e9e<\/em>, [exposition, Gap, Mus\u00e9e Museum D\u00e9partemental, du 1er octobre 2007-15 mars 2008], dir. par Philippe Bernardi, \u00e9ditions du Fournel, Gap, 2007, pp 27-31.<\/p>\n<p>&#8211; Terni de Gregory W., <em>Pitturra artigiana lombarda del Rinascimento<\/em>, Vallardi, Milan, 1958.<\/p>\n<p>&#8211; Tocco J., Soffitti lignei dipinti tra XV e XVI Secolo a Casale Monferrato, tesi di Laurea sotto la direzione di Jacopo Stoppa, Universit\u00e0 degli Studi di Milano, 2018. <a href=\"https:\/\/rcppm.org\/blog\/wp-content\/uploads\/2022\/03\/I-soffitti-lignei-dipinti-a-Casale-Monferrato-Jessica-Tocco-Tesi-Magistrale-.pdf\">[pdf]<\/a><\/p>\n<p style=\"text-align: justify;\">&#8211; Tricou J., \u00ab\u00a0Un plafond lyonnais du XIII-XIVe si\u00e8cle\u00a0\u00bb, in <em>Bulletin des Mus\u00e9es et Monuments lyonnais<\/em>, vol IV, n\u00b02, 1968, pp.<\/p>\n<p style=\"text-align: center;\">&#8211; V, W, Y &#8211;<\/p>\n<p style=\"text-align: justify;\">&#8211; Vallery-Radot J., \u00ab\u00a0Le petit Palais\u00a0\u00bb, in <em>Congr\u00e8s Arch\u00e9ologique de France, CXXI<\/em><sup><em>e<\/em><\/sup><em> session. Avignon et Comtat-Venaissin<\/em>, Paris, 1964, pp. 59-104.<\/p>\n<p style=\"text-align: justify;\">&#8211; Wilhelm, \u00ab\u00a0Deux plafonds peints\u00a0\u00bb, in <em>Bulletin de la Soci\u00e9t\u00e9 de l&rsquo;histoire de l&rsquo;art fran\u00e7ais<\/em>, 1974.<\/p>\n<p style=\"text-align: justify;\">&#8211; Yarza Luaces J., En torno a las pinturas de la techumbre de la catedral de Teruel, dans <em>Actas del I Simposio International de Mudejarismo, Teruel, 15-17 septembre 1975<\/em>, Teruel, CSIC, Diputaci\u00f3n Provincial de Teruel, 1981, pp. 41-70.<\/p>\n<p style=\"text-align: center;\">\u00a0&#8211; Z &#8211;<\/p>\n<p style=\"text-align: left;\">&#8211; Zeitoun Ch., \u00ab\u00a0Les plafonds polissons du Moyen Age\u00a0\u00bb,\u00a0<em>Journal du CNRS<\/em>, n\u00b0269, novembre-d\u00e9cembre 2012, p.14-16.\u00a0<a href=\"http:\/\/www.cnrs.fr\/fr\/pdf\/jdc\/269\/index.html#\/14\/\" target=\"_blank\" rel=\"noopener noreferrer\"><img loading=\"lazy\" decoding=\"async\" title=\"Zeitoun Charline, &quot;Les plafonds polissons du Moyen Age&quot;, Le journal du CNRS, n\u00b0269, p.14-16.\" src=\"https:\/\/rcppm.org\/blog\/wp-content\/uploads\/2010\/05\/icone-pdf.jpg\" alt=\"\" width=\"14\" height=\"14\" \/><\/a><\/p>\n","protected":false},"excerpt":{"rendered":"<p>Certains \u00e9l\u00e9ments manquent ou demandent \u00e0 \u00eatre v\u00e9rifi\u00e9s. Si vous pouvez apporter ces renseignements, n&rsquo;h\u00e9sitez pas \u00e0 nous \u00e9crire ! &#8211; A- &#8211; Adg\u00e9 M.,&#46;&#46;&#46;<\/p>\n","protected":false},"author":1,"featured_media":0,"parent":8,"menu_order":1,"comment_status":"closed","ping_status":"closed","template":"","meta":{"footnotes":"","_links_to":"","_links_to_target":""},"class_list":["post-15","page","type-page","status-publish","hentry"],"_links":{"self":[{"href":"https:\/\/rcppm.org\/blog\/wp-json\/wp\/v2\/pages\/15","targetHints":{"allow":["GET"]}}],"collection":[{"href":"https:\/\/rcppm.org\/blog\/wp-json\/wp\/v2\/pages"}],"about":[{"href":"https:\/\/rcppm.org\/blog\/wp-json\/wp\/v2\/types\/page"}],"author":[{"embeddable":true,"href":"https:\/\/rcppm.org\/blog\/wp-json\/wp\/v2\/users\/1"}],"replies":[{"embeddable":true,"href":"https:\/\/rcppm.org\/blog\/wp-json\/wp\/v2\/comments?post=15"}],"version-history":[{"count":98,"href":"https:\/\/rcppm.org\/blog\/wp-json\/wp\/v2\/pages\/15\/revisions"}],"predecessor-version":[{"id":5835,"href":"https:\/\/rcppm.org\/blog\/wp-json\/wp\/v2\/pages\/15\/revisions\/5835"}],"up":[{"embeddable":true,"href":"https:\/\/rcppm.org\/blog\/wp-json\/wp\/v2\/pages\/8"}],"wp:attachment":[{"href":"https:\/\/rcppm.org\/blog\/wp-json\/wp\/v2\/media?parent=15"}],"curies":[{"name":"wp","href":"https:\/\/api.w.org\/{rel}","templated":true}]}}